{"id":52479,"date":"2025-01-09T20:22:21","date_gmt":"2025-01-09T20:22:21","guid":{"rendered":"https:\/\/woundedwarriors.ca\/conference-sur-la-sante-mentale-du-canada-atlantique\/conferenciers\/"},"modified":"2025-08-21T19:17:58","modified_gmt":"2025-08-21T19:17:58","slug":"conferenciers","status":"publish","type":"page","link":"https:\/\/woundedwarriors.ca\/fr\/conference-sur-la-sante-mentale-du-canada-atlantique\/conferenciers\/","title":{"rendered":"Conf\u00e9renciers 2025"},"content":{"rendered":"<p>[et_pb_section fb_built=\u00a0\u00bb1&Prime; disabled_on=\u00a0\u00bbon|on|on\u00a0\u00bb admin_label=\u00a0\u00bbTBA\u00a0\u00bb _builder_version=\u00a0\u00bb4.27.3&Prime; _module_preset=\u00a0\u00bbdefault\u00a0\u00bb da_disable_devices=\u00a0\u00bboff|off|off\u00a0\u00bb disabled=\u00a0\u00bbon\u00a0\u00bb collapsed=\u00a0\u00bbon\u00a0\u00bb global_colors_info=\u00a0\u00bb{}\u00a0\u00bb da_is_popup=\u00a0\u00bboff\u00a0\u00bb da_exit_intent=\u00a0\u00bboff\u00a0\u00bb da_has_close=\u00a0\u00bbon\u00a0\u00bb da_alt_close=\u00a0\u00bboff\u00a0\u00bb da_dark_close=\u00a0\u00bboff\u00a0\u00bb da_not_modal=\u00a0\u00bbon\u00a0\u00bb da_is_singular=\u00a0\u00bboff\u00a0\u00bb da_with_loader=\u00a0\u00bboff\u00a0\u00bb da_has_shadow=\u00a0\u00bbon\u00a0\u00bb][et_pb_row _builder_version=\u00a0\u00bb4.27.3&Prime; _module_preset=\u00a0\u00bbdefault\u00a0\u00bb global_colors_info=\u00a0\u00bb{}\u00a0\u00bb][et_pb_column type=\u00a0\u00bb4_4&Prime; _builder_version=\u00a0\u00bb4.27.3&Prime; _module_preset=\u00a0\u00bbdefault\u00a0\u00bb global_colors_info=\u00a0\u00bb{}\u00a0\u00bb][et_pb_text _builder_version=\u00a0\u00bb4.27.3&Prime; _module_preset=\u00a0\u00bbdefault\u00a0\u00bb global_colors_info=\u00a0\u00bb{}\u00a0\u00bb]<\/p>\n<h1>\u00c0 annoncer.<\/h1>\n<p>[\/et_pb_text][\/et_pb_column][\/et_pb_row][\/et_pb_section][et_pb_section fb_built=\u00a0\u00bb1&Prime; disabled_on=\u00a0\u00bboff|off|off\u00a0\u00bb admin_label=\u00a0\u00bbREGISTER BUTTON\u00a0\u00bb _builder_version=\u00a0\u00bb4.27.4&Prime; _module_preset=\u00a0\u00bbdefault\u00a0\u00bb background_color=\u00a0\u00bb#FFFFFF\u00a0\u00bb custom_padding=\u00a0\u00bb21px||7px|||\u00a0\u00bb da_disable_devices=\u00a0\u00bboff|off|off\u00a0\u00bb locked=\u00a0\u00bboff\u00a0\u00bb collapsed=\u00a0\u00bboff\u00a0\u00bb global_colors_info=\u00a0\u00bb{}\u00a0\u00bb da_is_popup=\u00a0\u00bboff\u00a0\u00bb da_exit_intent=\u00a0\u00bboff\u00a0\u00bb da_has_close=\u00a0\u00bbon\u00a0\u00bb da_alt_close=\u00a0\u00bboff\u00a0\u00bb da_dark_close=\u00a0\u00bboff\u00a0\u00bb da_not_modal=\u00a0\u00bbon\u00a0\u00bb da_is_singular=\u00a0\u00bboff\u00a0\u00bb da_with_loader=\u00a0\u00bboff\u00a0\u00bb da_has_shadow=\u00a0\u00bbon\u00a0\u00bb][et_pb_row _builder_version=\u00a0\u00bb4.27.4&Prime; _module_preset=\u00a0\u00bbdefault\u00a0\u00bb max_width=\u00a0\u00bb100%\u00a0\u00bb global_colors_info=\u00a0\u00bb{}\u00a0\u00bb][et_pb_column type=\u00a0\u00bb4_4&Prime; _builder_version=\u00a0\u00bb4.27.4&Prime; _module_preset=\u00a0\u00bbdefault\u00a0\u00bb global_colors_info=\u00a0\u00bb{}\u00a0\u00bb][et_pb_text disabled_on=\u00a0\u00bbon|on|on\u00a0\u00bb admin_label=\u00a0\u00bbMessage Banner\u00a0\u00bb _builder_version=\u00a0\u00bb4.27.4&Prime; _module_preset=\u00a0\u00bbdefault\u00a0\u00bb text_font=\u00a0\u00bb|||on|||||\u00a0\u00bb text_text_color=\u00a0\u00bb#FFFFFF\u00a0\u00bb text_font_size=\u00a0\u00bb40px\u00a0\u00bb text_line_height=\u00a0\u00bb1.2em\u00a0\u00bb background_color=\u00a0\u00bb#9E1723&Prime; transform_skew=\u00a0\u00bb-3deg|-3deg\u00a0\u00bb text_orientation=\u00a0\u00bbcenter\u00a0\u00bb custom_margin=\u00a0\u00bb2%||2%||true|false\u00a0\u00bb custom_padding=\u00a0\u00bb20px||20px||true|false\u00a0\u00bb global_module=\u00a0\u00bb52928&Prime; saved_tabs=\u00a0\u00bball\u00a0\u00bb locked=\u00a0\u00bboff\u00a0\u00bb global_colors_info=\u00a0\u00bb{}\u00a0\u00bb]<\/p>\n<p><em><strong>Nous vous remercions de votre participation<\/strong><\/em><\/p>\n<p>[\/et_pb_text][\/et_pb_column][\/et_pb_row][\/et_pb_section][et_pb_section fb_built=\u00a0\u00bb1&Prime; disabled_on=\u00a0\u00bboff|off|off\u00a0\u00bb admin_label=\u00a0\u00bbKEYNOTE SPEAKER\u00a0\u00bb _builder_version=\u00a0\u00bb4.27.0&Prime; background_color=\u00a0\u00bb#FFFFFF\u00a0\u00bb inner_width_tablet=\u00a0\u00bb50px\u00a0\u00bb inner_max_width_tablet=\u00a0\u00bb50px\u00a0\u00bb custom_padding=\u00a0\u00bb6px||6px||false|false\u00a0\u00bb z_index_tablet=\u00a0\u00bb500&Prime; da_disable_devices=\u00a0\u00bboff|off|off\u00a0\u00bb box_shadow_horizontal_tablet=\u00a0\u00bb0px\u00a0\u00bb box_shadow_vertical_tablet=\u00a0\u00bb0px\u00a0\u00bb box_shadow_blur_tablet=\u00a0\u00bb40px\u00a0\u00bb box_shadow_spread_tablet=\u00a0\u00bb0px\u00a0\u00bb collapsed=\u00a0\u00bboff\u00a0\u00bb global_colors_info=\u00a0\u00bb{}\u00a0\u00bb da_is_popup=\u00a0\u00bboff\u00a0\u00bb da_exit_intent=\u00a0\u00bboff\u00a0\u00bb da_has_close=\u00a0\u00bbon\u00a0\u00bb da_alt_close=\u00a0\u00bboff\u00a0\u00bb da_dark_close=\u00a0\u00bboff\u00a0\u00bb da_not_modal=\u00a0\u00bbon\u00a0\u00bb da_is_singular=\u00a0\u00bboff\u00a0\u00bb da_with_loader=\u00a0\u00bboff\u00a0\u00bb da_has_shadow=\u00a0\u00bbon\u00a0\u00bb][et_pb_row make_equal=\u00a0\u00bbon\u00a0\u00bb _builder_version=\u00a0\u00bb4.27.0&Prime; background_color=\u00a0\u00bbRGBA(255,255,255,0)\u00a0\u00bb max_width=\u00a0\u00bb80%\u00a0\u00bb module_alignment=\u00a0\u00bbcenter\u00a0\u00bb custom_padding=\u00a0\u00bb0px||0px||false|false\u00a0\u00bb z_index_tablet=\u00a0\u00bb500&Prime; box_shadow_horizontal_tablet=\u00a0\u00bb0px\u00a0\u00bb box_shadow_vertical_tablet=\u00a0\u00bb0px\u00a0\u00bb box_shadow_blur_tablet=\u00a0\u00bb40px\u00a0\u00bb box_shadow_spread_tablet=\u00a0\u00bb0px\u00a0\u00bb global_colors_info=\u00a0\u00bb{}\u00a0\u00bb][et_pb_column type=\u00a0\u00bb4_4&Prime; _builder_version=\u00a0\u00bb4.16&Prime; background_enable_color=\u00a0\u00bboff\u00a0\u00bb custom_padding=\u00a0\u00bb||||false|false\u00a0\u00bb custom_padding_tablet=\u00a0\u00bb4%||4%||true|false\u00a0\u00bb custom_padding_phone=\u00a0\u00bb\u00a0\u00bb custom_padding_last_edited=\u00a0\u00bbon|desktop\u00a0\u00bb global_colors_info=\u00a0\u00bb{}\u00a0\u00bb custom_padding__hover=\u00a0\u00bb|||\u00a0\u00bb][et_pb_text admin_label=\u00a0\u00bbSpeakers\u00a0\u00bb _builder_version=\u00a0\u00bb4.27.4&Prime; text_font=\u00a0\u00bbHind|300|||||||\u00a0\u00bb text_text_color=\u00a0\u00bb#181a1b\u00a0\u00bb text_font_size=\u00a0\u00bb24px\u00a0\u00bb header_font=\u00a0\u00bbOswald||||||||\u00a0\u00bb header_text_color=\u00a0\u00bb#fcfcfc\u00a0\u00bb header_2_font=\u00a0\u00bbHind|700|||||||\u00a0\u00bb header_2_text_align=\u00a0\u00bbleft\u00a0\u00bb header_2_text_color=\u00a0\u00bb#181a1b\u00a0\u00bb header_2_font_size=\u00a0\u00bb60px\u00a0\u00bb header_3_font=\u00a0\u00bb|700||on|||||\u00a0\u00bb header_3_text_color=\u00a0\u00bb#333333&Prime; header_3_font_size=\u00a0\u00bb38px\u00a0\u00bb background_size=\u00a0\u00bbinitial\u00a0\u00bb background_position=\u00a0\u00bbtop_left\u00a0\u00bb background_repeat=\u00a0\u00bbrepeat\u00a0\u00bb max_width_phone=\u00a0\u00bb100%\u00a0\u00bb max_width_last_edited=\u00a0\u00bboff|desktop\u00a0\u00bb custom_margin=\u00a0\u00bb||10px||false|false\u00a0\u00bb custom_padding=\u00a0\u00bb50px||0px||false|false\u00a0\u00bb hover_enabled=\u00a0\u00bb0&Prime; text_font_size_tablet=\u00a0\u00bb20px\u00a0\u00bb text_font_size_phone=\u00a0\u00bb18px\u00a0\u00bb text_font_size_last_edited=\u00a0\u00bbon|phone\u00a0\u00bb header_2_font_size_tablet=\u00a0\u00bb60px\u00a0\u00bb header_2_font_size_phone=\u00a0\u00bb29px\u00a0\u00bb header_2_font_size_last_edited=\u00a0\u00bbon|phone\u00a0\u00bb z_index_tablet=\u00a0\u00bb500&Prime; text_text_shadow_horizontal_length_tablet=\u00a0\u00bb0px\u00a0\u00bb text_text_shadow_vertical_length_tablet=\u00a0\u00bb0px\u00a0\u00bb text_text_shadow_blur_strength_tablet=\u00a0\u00bb1px\u00a0\u00bb link_text_shadow_horizontal_length_tablet=\u00a0\u00bb0px\u00a0\u00bb link_text_shadow_vertical_length_tablet=\u00a0\u00bb0px\u00a0\u00bb link_text_shadow_blur_strength_tablet=\u00a0\u00bb1px\u00a0\u00bb ul_text_shadow_horizontal_length_tablet=\u00a0\u00bb0px\u00a0\u00bb ul_text_shadow_vertical_length_tablet=\u00a0\u00bb0px\u00a0\u00bb ul_text_shadow_blur_strength_tablet=\u00a0\u00bb1px\u00a0\u00bb ol_text_shadow_horizontal_length_tablet=\u00a0\u00bb0px\u00a0\u00bb ol_text_shadow_vertical_length_tablet=\u00a0\u00bb0px\u00a0\u00bb ol_text_shadow_blur_strength_tablet=\u00a0\u00bb1px\u00a0\u00bb quote_text_shadow_horizontal_length_tablet=\u00a0\u00bb0px\u00a0\u00bb quote_text_shadow_vertical_length_tablet=\u00a0\u00bb0px\u00a0\u00bb quote_text_shadow_blur_strength_tablet=\u00a0\u00bb1px\u00a0\u00bb header_text_shadow_horizontal_length_tablet=\u00a0\u00bb0px\u00a0\u00bb header_text_shadow_vertical_length_tablet=\u00a0\u00bb0px\u00a0\u00bb header_text_shadow_blur_strength_tablet=\u00a0\u00bb1px\u00a0\u00bb header_2_text_shadow_horizontal_length_tablet=\u00a0\u00bb0px\u00a0\u00bb header_2_text_shadow_vertical_length_tablet=\u00a0\u00bb0px\u00a0\u00bb header_2_text_shadow_blur_strength_tablet=\u00a0\u00bb1px\u00a0\u00bb header_3_text_shadow_horizontal_length_tablet=\u00a0\u00bb0px\u00a0\u00bb header_3_text_shadow_vertical_length_tablet=\u00a0\u00bb0px\u00a0\u00bb header_3_text_shadow_blur_strength_tablet=\u00a0\u00bb1px\u00a0\u00bb header_4_text_shadow_horizontal_length_tablet=\u00a0\u00bb0px\u00a0\u00bb header_4_text_shadow_vertical_length_tablet=\u00a0\u00bb0px\u00a0\u00bb header_4_text_shadow_blur_strength_tablet=\u00a0\u00bb1px\u00a0\u00bb header_5_text_shadow_horizontal_length_tablet=\u00a0\u00bb0px\u00a0\u00bb header_5_text_shadow_vertical_length_tablet=\u00a0\u00bb0px\u00a0\u00bb header_5_text_shadow_blur_strength_tablet=\u00a0\u00bb1px\u00a0\u00bb header_6_text_shadow_horizontal_length_tablet=\u00a0\u00bb0px\u00a0\u00bb header_6_text_shadow_vertical_length_tablet=\u00a0\u00bb0px\u00a0\u00bb header_6_text_shadow_blur_strength_tablet=\u00a0\u00bb1px\u00a0\u00bb box_shadow_horizontal_tablet=\u00a0\u00bb0px\u00a0\u00bb box_shadow_vertical_tablet=\u00a0\u00bb0px\u00a0\u00bb box_shadow_blur_tablet=\u00a0\u00bb40px\u00a0\u00bb box_shadow_spread_tablet=\u00a0\u00bb0px\u00a0\u00bb use_border_color=\u00a0\u00bboff\u00a0\u00bb border_color=\u00a0\u00bb#ffffff\u00a0\u00bb border_style=\u00a0\u00bbsolid\u00a0\u00bb global_colors_info=\u00a0\u00bb{}\u00a0\u00bb sticky_enabled=\u00a0\u00bb0&Prime;]<\/p>\n<h3>CONF\u00c9RENCIERS 2025<\/h3>\n<h3 class=\"LC20lb MBeuO DKV0Md\">CONF\u00c9RENCIERS PRINCIPAUX<\/h3>\n<p>[\/et_pb_text][\/et_pb_column][\/et_pb_row][et_pb_row column_structure=\u00a0\u00bb1_4,3_4&Prime; module_id=\u00a0\u00bbDallaire\u00a0\u00bb _builder_version=\u00a0\u00bb4.27.0&Prime; _module_preset=\u00a0\u00bbdefault\u00a0\u00bb background_color=\u00a0\u00bbRGBA(255,255,255,0)\u00a0\u00bb max_width=\u00a0\u00bb80%\u00a0\u00bb global_colors_info=\u00a0\u00bb{}\u00a0\u00bb][et_pb_column type=\u00a0\u00bb1_4&Prime; _builder_version=\u00a0\u00bb4.27.0&Prime; _module_preset=\u00a0\u00bbdefault\u00a0\u00bb global_colors_info=\u00a0\u00bb{}\u00a0\u00bb][et_pb_image src=\u00a0\u00bbhttps:\/\/woundedwarriors.ca\/wp-content\/uploads\/2022\/11\/Peter-headshot-to-go-with-bio.jpg\u00a0\u00bb title_text=\u00a0\u00bbPortrait de Peter pour accompagner la biographie\u00a0\u00bb align=\u00a0\u00bbcenter\u00a0\u00bb _builder_version=\u00a0\u00bb4.27.4&Prime; _module_preset=\u00a0\u00bbdefault\u00a0\u00bb max_width=\u00a0\u00bb250px\u00a0\u00bb global_colors_info=\u00a0\u00bb{}\u00a0\u00bb][\/et_pb_image][\/et_pb_column][et_pb_column type=\u00a0\u00bb3_4&Prime; _builder_version=\u00a0\u00bb4.27.0&Prime; _module_preset=\u00a0\u00bbdefault\u00a0\u00bb global_colors_info=\u00a0\u00bb{}\u00a0\u00bb][et_pb_text admin_label=\u00a0\u00bbPeter MacKay\u00a0\u00bb _builder_version=\u00a0\u00bb4.27.4&Prime; _module_preset=\u00a0\u00bbdefault\u00a0\u00bb global_colors_info=\u00a0\u00bb{}\u00a0\u00bb]<\/p>\n<h2>L\u2019honorable Peter MacKay <\/h2>\n<h4><em>Vice-pr\u00e9sident du conseil d\u2019administration<br \/><\/em>Wounded Warriors Canada<\/h4>\n<p>L\u2019honorable Peter MacKay a si\u00e9g\u00e9 au Parlement du Canada pendant plus de 18 ans en tant que d\u00e9put\u00e9, notamment ministre du Cabinet du gouvernement Harper pendant 10 ans, ainsi qu\u2019en qualit\u00e9 de ministre de la Justice et procureur g\u00e9n\u00e9ral, ministre de la D\u00e9fense nationale, ministre des Affaires \u00e9trang\u00e8res et ministre responsable de l\u2019Agence de promotion \u00e9conomique du Canada atlantique. M. MacKay a pr\u00e9sid\u00e9 le Comit\u00e9 national de s\u00e9curit\u00e9 du gouvernement pendant pr\u00e8s de 10 ans et a si\u00e9g\u00e9 \u00e0 de nombreux autres comit\u00e9s interparlementaires. Avant sa carri\u00e8re politique, il a exerc\u00e9 les fonctions de procureur de la Couronne. Il travaille actuellement en tant que conseiller strat\u00e9gique chez Deloitte Canada et est avocat chez McInnes Cooper, un cabinet d\u2019avocats du Canada atlantique. Il \u0153uvre \u00e0 l\u2019\u00e9chelle nationale et internationale dans des domaines tels que l\u2019a\u00e9rospatiale et la d\u00e9fense, les march\u00e9s publics, les infrastructures et la r\u00e9forme de la justice.    <\/p>\n<p>Peter fait parti du conseil d\u2019administration de Cielo Waste Solutions Corp. ainsi qu\u2019\u00e0 de nombreux conseils b\u00e9n\u00e9voles, notamment Wounded Warriors, Boost Child Youth Advocacy, l\u2019Institut canadien des affaires mondiales et l\u2019Institut de droit Canada-\u00c9tats-Unis. Peter est un \u00e9poux d\u00e9vou\u00e9 de Nazanin et p\u00e8re de leurs trois enfants : Kian, 9 ans, Valentia, 6 ans, et Caledon, 3 ans. Il r\u00e9side au bord de la mer \u00e0 Kings Head, en Nouvelle-\u00c9cosse, ainsi que deux chiens et deux chats.  <\/p>\n<p>[\/et_pb_text][\/et_pb_column][\/et_pb_row][et_pb_row column_structure=\u00a0\u00bb1_4,3_4&Prime; module_id=\u00a0\u00bbCarleton\u00a0\u00bb _builder_version=\u00a0\u00bb4.27.0&Prime; _module_preset=\u00a0\u00bbdefault\u00a0\u00bb background_color=\u00a0\u00bbRGBA(255,255,255,0)\u00a0\u00bb max_width=\u00a0\u00bb80%\u00a0\u00bb global_colors_info=\u00a0\u00bb{}\u00a0\u00bb][et_pb_column type=\u00a0\u00bb1_4&Prime; _builder_version=\u00a0\u00bb4.27.0&Prime; _module_preset=\u00a0\u00bbdefault\u00a0\u00bb global_colors_info=\u00a0\u00bb{}\u00a0\u00bb][et_pb_image src=\u00a0\u00bbhttps:\/\/woundedwarriors.ca\/wp-content\/uploads\/2024\/08\/Nick_Carleton_Photo_BGWhite_Small_June_2024.jpg\u00a0\u00bb title_text=\u00a0\u00bbNick_Carleton_Photo_BGWhite_Small_June_2024&Prime; align=\u00a0\u00bbcenter\u00a0\u00bb _builder_version=\u00a0\u00bb4.27.4&Prime; _module_preset=\u00a0\u00bbdefault\u00a0\u00bb max_width=\u00a0\u00bb250px\u00a0\u00bb global_colors_info=\u00a0\u00bb{}\u00a0\u00bb][\/et_pb_image][\/et_pb_column][et_pb_column type=\u00a0\u00bb3_4&Prime; _builder_version=\u00a0\u00bb4.27.0&Prime; _module_preset=\u00a0\u00bbdefault\u00a0\u00bb global_colors_info=\u00a0\u00bb{}\u00a0\u00bb][et_pb_text admin_label=\u00a0\u00bbDr Nick Carleton\u00a0\u00bb _builder_version=\u00a0\u00bb4.27.0&Prime; _module_preset=\u00a0\u00bbdefault\u00a0\u00bb global_colors_info=\u00a0\u00bb{}\u00a0\u00bb]<\/p>\n<h2>Dr R. Nicholas Carleton Ph.D., R.D. Psych<\/h2>\n<h4>Universit\u00e9 de Regina<\/h4>\n<p>R. Nicholas Carleton, Ph.D., est professeur de psychologie clinique et psychologue clinicien agr\u00e9\u00e9 en Saskatchewan. Ses travaux se concentrent sur le soutien \u00e0 la sant\u00e9 mentale des premiers intervenants et autres membres du personnel de la s\u00e9curit\u00e9 publique. Il a publi\u00e9 plus de 270 articles \u00e9valu\u00e9s par des pairs et chapitres de livres explorant les fondements des troubles li\u00e9s \u00e0 l&rsquo;anxi\u00e9t\u00e9 et aux traumatismes. Il a effectu\u00e9 plus de 500 pr\u00e9sentations lors de conf\u00e9rences nationales et internationales. Il est \u00e9galement membre actif de plusieurs associations professionnelles nationales et internationales. En tant que chercheur principal ou co-chercheur principal, il a obtenu plus de 72 millions de dollars en financement externe comp\u00e9titif. Il a re\u00e7u plusieurs prix et distinctions prestigieux, notamment son intronisation au Coll\u00e8ge de la Soci\u00e9t\u00e9 royale du Canada et en tant que membre de l&rsquo;Acad\u00e9mie canadienne des sciences de la sant\u00e9. Il a \u00e9galement re\u00e7u le prix de mi-carri\u00e8re 2023 de la Saskatchewan Health Research Foundation et le prix Royal-Mach-Gaensslen 2020 pour la recherche en sant\u00e9 mentale. Il est chercheur principal de l&rsquo;\u00e9tude longitudinale sur le TSPT de la GRC (www.rcmpstudy.ca) et de l&rsquo;\u00e9tude d&rsquo;extension associ\u00e9e pour le personnel de la s\u00e9curit\u00e9 publique de la Saskatchewan (www.saskptsistudy.ca), ainsi que co-chercheur sur le programme f\u00e9d\u00e9ral de th\u00e9rapie cognitivo-comportementale par Internet pour le personnel de la s\u00e9curit\u00e9 publique (www.PSPSNET.ca).       <\/p>\n<p>[\/et_pb_text][\/et_pb_column][\/et_pb_row][et_pb_row column_structure=\u00a0\u00bb1_4,3_4&Prime; module_id=\u00a0\u00bbMaxwell\u00a0\u00bb _builder_version=\u00a0\u00bb4.27.0&Prime; _module_preset=\u00a0\u00bbdefault\u00a0\u00bb background_color=\u00a0\u00bbRGBA(255,255,255,0)\u00a0\u00bb max_width=\u00a0\u00bb80%\u00a0\u00bb global_colors_info=\u00a0\u00bb{}\u00a0\u00bb][et_pb_column type=\u00a0\u00bb1_4&Prime; _builder_version=\u00a0\u00bb4.27.0&Prime; _module_preset=\u00a0\u00bbdefault\u00a0\u00bb global_colors_info=\u00a0\u00bb{}\u00a0\u00bb][et_pb_image src=\u00a0\u00bbhttps:\/\/woundedwarriors.ca\/wp-content\/uploads\/2025\/02\/Angela-Geauvadin.png\u00a0\u00bb title_text=\u00a0\u00bbAngela Geauvadin\u00a0\u00bb align=\u00a0\u00bbcenter\u00a0\u00bb _builder_version=\u00a0\u00bb4.27.4&Prime; _module_preset=\u00a0\u00bbdefault\u00a0\u00bb max_width=\u00a0\u00bb250px\u00a0\u00bb global_colors_info=\u00a0\u00bb{}\u00a0\u00bb][\/et_pb_image][\/et_pb_column][et_pb_column type=\u00a0\u00bb3_4&Prime; _builder_version=\u00a0\u00bb4.27.0&Prime; _module_preset=\u00a0\u00bbdefault\u00a0\u00bb global_colors_info=\u00a0\u00bb{}\u00a0\u00bb][et_pb_text admin_label=\u00a0\u00bbAngela Gevaudan\u00a0\u00bb _builder_version=\u00a0\u00bb4.27.4&Prime; _module_preset=\u00a0\u00bbdefault\u00a0\u00bb global_colors_info=\u00a0\u00bb{}\u00a0\u00bb]<\/p>\n<h2>Angela Gevaudan<\/h2>\n<h4><em>Ambassadrice de WWC<\/em><br \/>Grand Sudbury, Ontario<\/h4>\n<p>\u00c2me sensible et intuitive, Angela poss\u00e8de une conscience accrue de ses exp\u00e9riences et de celles des autres. Son v\u00e9cu avec le traumatisme prend racine dans le traumatisme interg\u00e9n\u00e9rationnel, s&rsquo;est poursuivi tout au long de son enfance et a eu un impact significatif au point de provoquer une blessure de stress post-traumatique suite \u00e0 une perte traumatique. <\/p>\n<p>En tant qu&rsquo;ancienne op\u00e9ratrice\/r\u00e9partitrice du 911, elle a \u00e9t\u00e9 profond\u00e9ment affect\u00e9e tant sur le plan professionnel que personnel par la perte de son d\u00e9funt mari et de leurs deux coll\u00e8gues et amis, tous assassin\u00e9s dans l&rsquo;exercice de leurs fonctions le 4 juin 2014. Plus elle en apprend sur le traumatisme, plus elle r\u00e9alise \u00e0 quel point celui-ci a fa\u00e7onn\u00e9 sa mani\u00e8re d&rsquo;\u00eatre \u00e0 bien des \u00e9gards. Son besoin de se sentir en s\u00e9curit\u00e9 prend souvent la priorit\u00e9 dans toute situation donn\u00e9e, et elle continue de travailler pour se sentir en s\u00e9curit\u00e9 en elle-m\u00eame. Gr\u00e2ce \u00e0 sa blessure de stress post-traumatique, elle a pu beaucoup apprendre de ses pairs et de divers professionnels de sant\u00e9. Les sympt\u00f4mes qu&rsquo;elle a \u00e9prouv\u00e9s avec cette blessure ont \u00e9t\u00e9 et peuvent parfois \u00eatre effrayants. Sachant \u00e0 quel point cela peut \u00eatre difficile, et ayant besoin de comprendre cette blessure pour elle-m\u00eame, elle s&rsquo;est \u00e9galement efforc\u00e9e d&rsquo;essayer d&rsquo;aider d&rsquo;autres premiers intervenants bless\u00e9s, les familles survivantes et de plaider pour la sant\u00e9 et la s\u00e9curit\u00e9 de ceux qui servent nos communaut\u00e9s.     <\/p>\n<p>En reconnaissant son propre besoin d&rsquo;aide face \u00e0 son deuil traumatique et dans l&rsquo;intention d&rsquo;honorer les exp\u00e9riences de ses cons\u0153urs conjointes survivantes, elle a pu contribuer au d\u00e9veloppement du Programme des conjoints survivants de Wounded Warriors Canada. Elle esp\u00e8re que par son travail, elle est en mesure d&rsquo;honorer le don de son nom spirituel Mi&rsquo;kmaw. \u00ab En me connectant \u00e0 l&rsquo;esprit de mon nom, Colombe Aigle Blanc, je comprends que ce don est ce \u00e0 quoi je dois m&rsquo;efforcer d&rsquo;\u00eatre \u00e0 la hauteur et continuellement choisir de travailler. C&rsquo;est-\u00e0-dire avoir le courage de me connecter \u00e0 ce qui est pur en moi, en nous tous. Avoir la force du voyant, du guerrier afin de porter les pri\u00e8res au cr\u00e9ateur. Trouver la paix int\u00e9rieure en moi-m\u00eame &#8211; de toutes les mani\u00e8res et avec toutes choses, afin que d&rsquo;autres puissent \u00e9galement se sentir invit\u00e9s \u00e0 trouver la paix en eux-m\u00eames. \u00bb  <\/p>\n<p>Angela est infiniment reconnaissante d&rsquo;avoir eu le privil\u00e8ge de contribuer et de participer \u00e0 la premi\u00e8re prestation du Programme des conjoints survivants. Elle est \u00e0 la fois reconnaissante et soulag\u00e9e de savoir que ses cons\u0153urs conjointes survivantes auront l&rsquo;opportunit\u00e9 d&rsquo;explorer leur deuil traumatique en toute s\u00e9curit\u00e9 et avec le soutien appropri\u00e9. <\/p>\n<p>[\/et_pb_text][\/et_pb_column][\/et_pb_row][\/et_pb_section][et_pb_section fb_built=\u00a0\u00bb1&Prime; disabled_on=\u00a0\u00bboff|off|off\u00a0\u00bb admin_label=\u00a0\u00bbMaster of Ceremonies\u00a0\u00bb _builder_version=\u00a0\u00bb4.27.4&Prime; background_color=\u00a0\u00bbrgba(4,56,81,0.07)\u00a0\u00bb inner_width_tablet=\u00a0\u00bb50px\u00a0\u00bb inner_max_width_tablet=\u00a0\u00bb50px\u00a0\u00bb custom_padding=\u00a0\u00bb6px||60px||false|false\u00a0\u00bb z_index_tablet=\u00a0\u00bb500&Prime; da_disable_devices=\u00a0\u00bboff|off|off\u00a0\u00bb box_shadow_horizontal_tablet=\u00a0\u00bb0px\u00a0\u00bb box_shadow_vertical_tablet=\u00a0\u00bb0px\u00a0\u00bb box_shadow_blur_tablet=\u00a0\u00bb40px\u00a0\u00bb box_shadow_spread_tablet=\u00a0\u00bb0px\u00a0\u00bb collapsed=\u00a0\u00bboff\u00a0\u00bb global_colors_info=\u00a0\u00bb{}\u00a0\u00bb da_is_popup=\u00a0\u00bboff\u00a0\u00bb da_exit_intent=\u00a0\u00bboff\u00a0\u00bb da_has_close=\u00a0\u00bbon\u00a0\u00bb da_alt_close=\u00a0\u00bboff\u00a0\u00bb da_dark_close=\u00a0\u00bboff\u00a0\u00bb da_not_modal=\u00a0\u00bbon\u00a0\u00bb da_is_singular=\u00a0\u00bboff\u00a0\u00bb da_with_loader=\u00a0\u00bboff\u00a0\u00bb da_has_shadow=\u00a0\u00bbon\u00a0\u00bb][et_pb_row _builder_version=\u00a0\u00bb4.27.0&Prime; background_color=\u00a0\u00bbRGBA(255,255,255,0)\u00a0\u00bb max_width=\u00a0\u00bb80%\u00a0\u00bb z_index_tablet=\u00a0\u00bb500&Prime; global_colors_info=\u00a0\u00bb{}\u00a0\u00bb][et_pb_column type=\u00a0\u00bb4_4&Prime; _builder_version=\u00a0\u00bb4.16&Prime; background_enable_color=\u00a0\u00bboff\u00a0\u00bb custom_padding=\u00a0\u00bb||||false|false\u00a0\u00bb custom_padding_tablet=\u00a0\u00bb4%||4%||true|false\u00a0\u00bb custom_padding_phone=\u00a0\u00bb\u00a0\u00bb custom_padding_last_edited=\u00a0\u00bbon|desktop\u00a0\u00bb global_colors_info=\u00a0\u00bb{}\u00a0\u00bb custom_padding__hover=\u00a0\u00bb|||\u00a0\u00bb][et_pb_text admin_label=\u00a0\u00bbSpeakers\u00a0\u00bb _builder_version=\u00a0\u00bb4.27.0&Prime; text_font=\u00a0\u00bbHind|300|||||||\u00a0\u00bb text_text_color=\u00a0\u00bb#181a1b\u00a0\u00bb text_font_size=\u00a0\u00bb24px\u00a0\u00bb header_font=\u00a0\u00bbOswald||||||||\u00a0\u00bb header_text_color=\u00a0\u00bb#fcfcfc\u00a0\u00bb header_2_font=\u00a0\u00bbHind|700|||||||\u00a0\u00bb header_2_text_align=\u00a0\u00bbleft\u00a0\u00bb header_2_text_color=\u00a0\u00bb#181a1b\u00a0\u00bb header_2_font_size=\u00a0\u00bb60px\u00a0\u00bb header_3_font=\u00a0\u00bb|700||on|||||\u00a0\u00bb header_3_text_color=\u00a0\u00bb#333333&Prime; header_3_font_size=\u00a0\u00bb38px\u00a0\u00bb background_size=\u00a0\u00bbinitial\u00a0\u00bb background_position=\u00a0\u00bbtop_left\u00a0\u00bb background_repeat=\u00a0\u00bbrepeat\u00a0\u00bb max_width_phone=\u00a0\u00bb100%\u00a0\u00bb max_width_last_edited=\u00a0\u00bboff|desktop\u00a0\u00bb custom_margin=\u00a0\u00bb||10px||false|false\u00a0\u00bb custom_padding=\u00a0\u00bb50px||0px||false|false\u00a0\u00bb text_font_size_tablet=\u00a0\u00bb20px\u00a0\u00bb text_font_size_phone=\u00a0\u00bb18px\u00a0\u00bb text_font_size_last_edited=\u00a0\u00bbon|phone\u00a0\u00bb header_2_font_size_tablet=\u00a0\u00bb60px\u00a0\u00bb header_2_font_size_phone=\u00a0\u00bb29px\u00a0\u00bb header_2_font_size_last_edited=\u00a0\u00bbon|phone\u00a0\u00bb z_index_tablet=\u00a0\u00bb500&Prime; text_text_shadow_horizontal_length_tablet=\u00a0\u00bb0px\u00a0\u00bb text_text_shadow_vertical_length_tablet=\u00a0\u00bb0px\u00a0\u00bb text_text_shadow_blur_strength_tablet=\u00a0\u00bb1px\u00a0\u00bb link_text_shadow_horizontal_length_tablet=\u00a0\u00bb0px\u00a0\u00bb link_text_shadow_vertical_length_tablet=\u00a0\u00bb0px\u00a0\u00bb link_text_shadow_blur_strength_tablet=\u00a0\u00bb1px\u00a0\u00bb ul_text_shadow_horizontal_length_tablet=\u00a0\u00bb0px\u00a0\u00bb ul_text_shadow_vertical_length_tablet=\u00a0\u00bb0px\u00a0\u00bb ul_text_shadow_blur_strength_tablet=\u00a0\u00bb1px\u00a0\u00bb ol_text_shadow_horizontal_length_tablet=\u00a0\u00bb0px\u00a0\u00bb ol_text_shadow_vertical_length_tablet=\u00a0\u00bb0px\u00a0\u00bb ol_text_shadow_blur_strength_tablet=\u00a0\u00bb1px\u00a0\u00bb quote_text_shadow_horizontal_length_tablet=\u00a0\u00bb0px\u00a0\u00bb quote_text_shadow_vertical_length_tablet=\u00a0\u00bb0px\u00a0\u00bb quote_text_shadow_blur_strength_tablet=\u00a0\u00bb1px\u00a0\u00bb header_text_shadow_horizontal_length_tablet=\u00a0\u00bb0px\u00a0\u00bb header_text_shadow_vertical_length_tablet=\u00a0\u00bb0px\u00a0\u00bb header_text_shadow_blur_strength_tablet=\u00a0\u00bb1px\u00a0\u00bb header_2_text_shadow_horizontal_length_tablet=\u00a0\u00bb0px\u00a0\u00bb header_2_text_shadow_vertical_length_tablet=\u00a0\u00bb0px\u00a0\u00bb header_2_text_shadow_blur_strength_tablet=\u00a0\u00bb1px\u00a0\u00bb header_3_text_shadow_horizontal_length_tablet=\u00a0\u00bb0px\u00a0\u00bb header_3_text_shadow_vertical_length_tablet=\u00a0\u00bb0px\u00a0\u00bb header_3_text_shadow_blur_strength_tablet=\u00a0\u00bb1px\u00a0\u00bb header_4_text_shadow_horizontal_length_tablet=\u00a0\u00bb0px\u00a0\u00bb header_4_text_shadow_vertical_length_tablet=\u00a0\u00bb0px\u00a0\u00bb header_4_text_shadow_blur_strength_tablet=\u00a0\u00bb1px\u00a0\u00bb header_5_text_shadow_horizontal_length_tablet=\u00a0\u00bb0px\u00a0\u00bb header_5_text_shadow_vertical_length_tablet=\u00a0\u00bb0px\u00a0\u00bb header_5_text_shadow_blur_strength_tablet=\u00a0\u00bb1px\u00a0\u00bb header_6_text_shadow_horizontal_length_tablet=\u00a0\u00bb0px\u00a0\u00bb header_6_text_shadow_vertical_length_tablet=\u00a0\u00bb0px\u00a0\u00bb header_6_text_shadow_blur_strength_tablet=\u00a0\u00bb1px\u00a0\u00bb box_shadow_horizontal_tablet=\u00a0\u00bb0px\u00a0\u00bb box_shadow_vertical_tablet=\u00a0\u00bb0px\u00a0\u00bb box_shadow_blur_tablet=\u00a0\u00bb40px\u00a0\u00bb box_shadow_spread_tablet=\u00a0\u00bb0px\u00a0\u00bb use_border_color=\u00a0\u00bboff\u00a0\u00bb border_color=\u00a0\u00bb#ffffff\u00a0\u00bb border_style=\u00a0\u00bbsolid\u00a0\u00bb global_colors_info=\u00a0\u00bb{}\u00a0\u00bb]<\/p>\n<h3 class=\"LC20lb MBeuO DKV0Md\">Ma\u00eetre de c\u00e9r\u00e9monie<\/h3>\n<p>[\/et_pb_text][\/et_pb_column][\/et_pb_row][et_pb_row column_structure=\u00a0\u00bb1_4,3_4&Prime; module_id=\u00a0\u00bbMaxwell\u00a0\u00bb _builder_version=\u00a0\u00bb4.27.0&Prime; _module_preset=\u00a0\u00bbdefault\u00a0\u00bb background_color=\u00a0\u00bbRGBA(255,255,255,0)\u00a0\u00bb max_width=\u00a0\u00bb80%\u00a0\u00bb global_colors_info=\u00a0\u00bb{}\u00a0\u00bb][et_pb_column type=\u00a0\u00bb1_4&Prime; _builder_version=\u00a0\u00bb4.27.0&Prime; _module_preset=\u00a0\u00bbdefault\u00a0\u00bb global_colors_info=\u00a0\u00bb{}\u00a0\u00bb][et_pb_image src=\u00a0\u00bbhttps:\/\/woundedwarriors.ca\/wp-content\/uploads\/2025\/05\/Peter-Anthony.jpg\u00a0\u00bb title_text=\u00a0\u00bbPeter Anthony\u00a0\u00bb align=\u00a0\u00bbcenter\u00a0\u00bb _builder_version=\u00a0\u00bb4.27.4&Prime; _module_preset=\u00a0\u00bbdefault\u00a0\u00bb max_width=\u00a0\u00bb250px\u00a0\u00bb global_colors_info=\u00a0\u00bb{}\u00a0\u00bb][\/et_pb_image][\/et_pb_column][et_pb_column type=\u00a0\u00bb3_4&Prime; _builder_version=\u00a0\u00bb4.27.0&Prime; _module_preset=\u00a0\u00bbdefault\u00a0\u00bb global_colors_info=\u00a0\u00bb{}\u00a0\u00bb][et_pb_text admin_label=\u00a0\u00bbPeter Anthony\u00a0\u00bb _builder_version=\u00a0\u00bb4.27.4&Prime; _module_preset=\u00a0\u00bbdefault\u00a0\u00bb global_colors_info=\u00a0\u00bb{}\u00a0\u00bb]<\/p>\n<h2>Peter Anthony<\/h2>\n<p>Peter Anthony est un humoriste canadien laur\u00e9at du Canadian Comedy Award (Artiste r\u00e9v\u00e9lation) et nomin\u00e9 (Meilleur humoriste masculin), originaire de la petite ville de Pictou, en Nouvelle-\u00c9cosse. Ses cr\u00e9dits incluent le Festival Juste pour rire de Montr\u00e9al, le Halifax ComedyFest de CBC, le Festival North by Northeast (NXNE) de Toronto, l&rsquo;\u00e9mission radiophonique The Debaters de CBC, ainsi que des apparitions t\u00e9l\u00e9vis\u00e9es sur CBC, CTV Comedy, MuchMusic et MTV. <\/p>\n<p>En dehors du circuit des clubs et des festivals, Peter se produit en tant qu&rsquo;animateur de r\u00e9chauffement en studio et \u00e9crit pour l&rsquo;\u00e9mission comique \u00e0 succ\u00e8s de longue date de CBC, \u00ab This Hour Has 22 Minutes. \u00bb Il assure \u00e9galement des prestations de divertissement pour des \u00e9v\u00e9nements corporatifs et des collectes de fonds, comptant parmi ses clients pass\u00e9s Tim Hortons, Procter & Gamble, Bell Mobility, Maple Leafs Sports and Entertainment Partnership, l&rsquo;H\u00f4pital SickKids et le Royal Nova Scotia International Tattoo. <\/p>\n<p>[\/et_pb_text][\/et_pb_column][\/et_pb_row][\/et_pb_section][et_pb_section fb_built=\u00a0\u00bb1&Prime; disabled_on=\u00a0\u00bboff|off|off\u00a0\u00bb admin_label=\u00a0\u00bbPlenary Speakers\u00a0\u00bb _builder_version=\u00a0\u00bb4.27.4&Prime; background_color=\u00a0\u00bb#FFFFFF\u00a0\u00bb inner_width_tablet=\u00a0\u00bb50px\u00a0\u00bb inner_max_width_tablet=\u00a0\u00bb50px\u00a0\u00bb custom_padding=\u00a0\u00bb6px||60px||false|false\u00a0\u00bb z_index_tablet=\u00a0\u00bb500&Prime; da_disable_devices=\u00a0\u00bboff|off|off\u00a0\u00bb box_shadow_horizontal_tablet=\u00a0\u00bb0px\u00a0\u00bb box_shadow_vertical_tablet=\u00a0\u00bb0px\u00a0\u00bb box_shadow_blur_tablet=\u00a0\u00bb40px\u00a0\u00bb box_shadow_spread_tablet=\u00a0\u00bb0px\u00a0\u00bb collapsed=\u00a0\u00bboff\u00a0\u00bb global_colors_info=\u00a0\u00bb{}\u00a0\u00bb da_is_popup=\u00a0\u00bboff\u00a0\u00bb da_exit_intent=\u00a0\u00bboff\u00a0\u00bb da_has_close=\u00a0\u00bbon\u00a0\u00bb da_alt_close=\u00a0\u00bboff\u00a0\u00bb da_dark_close=\u00a0\u00bboff\u00a0\u00bb da_not_modal=\u00a0\u00bbon\u00a0\u00bb da_is_singular=\u00a0\u00bboff\u00a0\u00bb da_with_loader=\u00a0\u00bboff\u00a0\u00bb da_has_shadow=\u00a0\u00bbon\u00a0\u00bb][et_pb_row _builder_version=\u00a0\u00bb4.27.0&Prime; background_color=\u00a0\u00bbRGBA(255,255,255,0)\u00a0\u00bb max_width=\u00a0\u00bb80%\u00a0\u00bb z_index_tablet=\u00a0\u00bb500&Prime; global_colors_info=\u00a0\u00bb{}\u00a0\u00bb][et_pb_column type=\u00a0\u00bb4_4&Prime; _builder_version=\u00a0\u00bb4.16&Prime; background_enable_color=\u00a0\u00bboff\u00a0\u00bb custom_padding=\u00a0\u00bb||||false|false\u00a0\u00bb custom_padding_tablet=\u00a0\u00bb4%||4%||true|false\u00a0\u00bb custom_padding_phone=\u00a0\u00bb\u00a0\u00bb custom_padding_last_edited=\u00a0\u00bbon|desktop\u00a0\u00bb global_colors_info=\u00a0\u00bb{}\u00a0\u00bb custom_padding__hover=\u00a0\u00bb|||\u00a0\u00bb][et_pb_text admin_label=\u00a0\u00bbSpeakers\u00a0\u00bb _builder_version=\u00a0\u00bb4.27.0&Prime; text_font=\u00a0\u00bbHind|300|||||||\u00a0\u00bb text_text_color=\u00a0\u00bb#181a1b\u00a0\u00bb text_font_size=\u00a0\u00bb24px\u00a0\u00bb header_font=\u00a0\u00bbOswald||||||||\u00a0\u00bb header_text_color=\u00a0\u00bb#fcfcfc\u00a0\u00bb header_2_font=\u00a0\u00bbHind|700|||||||\u00a0\u00bb header_2_text_align=\u00a0\u00bbleft\u00a0\u00bb header_2_text_color=\u00a0\u00bb#181a1b\u00a0\u00bb header_2_font_size=\u00a0\u00bb60px\u00a0\u00bb header_3_font=\u00a0\u00bb|700||on|||||\u00a0\u00bb header_3_text_color=\u00a0\u00bb#333333&Prime; header_3_font_size=\u00a0\u00bb38px\u00a0\u00bb background_size=\u00a0\u00bbinitial\u00a0\u00bb background_position=\u00a0\u00bbtop_left\u00a0\u00bb background_repeat=\u00a0\u00bbrepeat\u00a0\u00bb custom_margin=\u00a0\u00bb||10px||false|false\u00a0\u00bb custom_padding=\u00a0\u00bb50px||0px||false|false\u00a0\u00bb text_font_size_tablet=\u00a0\u00bb20px\u00a0\u00bb text_font_size_phone=\u00a0\u00bb18px\u00a0\u00bb text_font_size_last_edited=\u00a0\u00bbon|phone\u00a0\u00bb header_2_font_size_tablet=\u00a0\u00bb60px\u00a0\u00bb header_2_font_size_phone=\u00a0\u00bb29px\u00a0\u00bb header_2_font_size_last_edited=\u00a0\u00bbon|phone\u00a0\u00bb z_index_tablet=\u00a0\u00bb500&Prime; use_border_color=\u00a0\u00bboff\u00a0\u00bb border_color=\u00a0\u00bb#ffffff\u00a0\u00bb border_style=\u00a0\u00bbsolid\u00a0\u00bb global_colors_info=\u00a0\u00bb{}\u00a0\u00bb]<\/p>\n<h3>Conf\u00e9renciers pl\u00e9niers<\/h3>\n<p>[\/et_pb_text][\/et_pb_column][\/et_pb_row][et_pb_row column_structure=\u00a0\u00bb1_4,3_4&Prime; module_id=\u00a0\u00bbCocking\u00a0\u00bb _builder_version=\u00a0\u00bb4.27.0&Prime; _module_preset=\u00a0\u00bbdefault\u00a0\u00bb background_color=\u00a0\u00bbRGBA(255,255,255,0)\u00a0\u00bb max_width=\u00a0\u00bb80%\u00a0\u00bb global_colors_info=\u00a0\u00bb{}\u00a0\u00bb][et_pb_column type=\u00a0\u00bb1_4&Prime; _builder_version=\u00a0\u00bb4.27.0&Prime; _module_preset=\u00a0\u00bbdefault\u00a0\u00bb global_colors_info=\u00a0\u00bb{}\u00a0\u00bb][et_pb_image src=\u00a0\u00bbhttps:\/\/woundedwarriors.ca\/wp-content\/uploads\/2024\/08\/Alison-Cocking.png\u00a0\u00bb title_text=\u00a0\u00bbAlison Cocking\u00a0\u00bb align=\u00a0\u00bbcenter\u00a0\u00bb _builder_version=\u00a0\u00bb4.27.0&Prime; _module_preset=\u00a0\u00bbdefault\u00a0\u00bb max_width=\u00a0\u00bb250px\u00a0\u00bb global_colors_info=\u00a0\u00bb{}\u00a0\u00bb][\/et_pb_image][\/et_pb_column][et_pb_column type=\u00a0\u00bb3_4&Prime; _builder_version=\u00a0\u00bb4.27.0&Prime; _module_preset=\u00a0\u00bbdefault\u00a0\u00bb global_colors_info=\u00a0\u00bb{}\u00a0\u00bb][et_pb_text admin_label=\u00a0\u00bbAlison Cocking\u00a0\u00bb _builder_version=\u00a0\u00bb4.27.0&Prime; _module_preset=\u00a0\u00bbdefault\u00a0\u00bb global_colors_info=\u00a0\u00bb{}\u00a0\u00bb]<\/p>\n<h2>Alison Cocking BSc. PT, M.Ed. <\/h2>\n<h4><em>Directrice g\u00e9n\u00e9rale<br \/><\/em>Insight Health Solutions, Trillium Health Partners<\/h4>\n<p>Alison Cocking est une dirigeante strat\u00e9gique dans le domaine des soins de sant\u00e9 qui occupe le poste de Directrice g\u00e9n\u00e9rale d&rsquo;Insight Health Solutions chez Trillium Health Partners, l&rsquo;un des plus importants programmes de gestion de l&rsquo;invalidit\u00e9 par un tiers bas\u00e9 dans un h\u00f4pital au Canada. En tant que cadre sup\u00e9rieure dans le secteur des soins de sant\u00e9, Alison poss\u00e8de plus de trois d\u00e9cennies d&rsquo;exp\u00e9rience dans la direction d&rsquo;\u00e9quipes et de programmes hautement performants dans leur prestation de services de qualit\u00e9 \u00e0 valeur ajout\u00e9e et \u00e0 impact significatif. La capacit\u00e9 de contribuer financi\u00e8rement les b\u00e9n\u00e9fices d&rsquo;Insight aux programmes et services de l&rsquo;h\u00f4pital pour aider \u00e0 cr\u00e9er un nouveau type de soins de sant\u00e9 pour une communaut\u00e9 plus saine est ce qui la motive et l&rsquo;inspire. Alison est une physioth\u00e9rapeute form\u00e9e au Royaume-Uni et titulaire d&rsquo;une ma\u00eetrise en \u00e9ducation de l&rsquo;Universit\u00e9 de Toronto. Kayakiste passionn\u00e9e, randonneuse, voyageuse et enthousiaste de la nature en g\u00e9n\u00e9ral, l&rsquo;objectif d&rsquo;Alison est d&rsquo;avoir visit\u00e9 100 pays d&rsquo;ici 2045.    <\/p>\n<p>[\/et_pb_text][\/et_pb_column][\/et_pb_row][et_pb_row column_structure=\u00a0\u00bb1_4,3_4&Prime; module_id=\u00a0\u00bbMaxwell\u00a0\u00bb _builder_version=\u00a0\u00bb4.27.0&Prime; _module_preset=\u00a0\u00bbdefault\u00a0\u00bb background_color=\u00a0\u00bbRGBA(255,255,255,0)\u00a0\u00bb max_width=\u00a0\u00bb80%\u00a0\u00bb global_colors_info=\u00a0\u00bb{}\u00a0\u00bb][et_pb_column type=\u00a0\u00bb1_4&Prime; _builder_version=\u00a0\u00bb4.27.0&Prime; _module_preset=\u00a0\u00bbdefault\u00a0\u00bb global_colors_info=\u00a0\u00bb{}\u00a0\u00bb][et_pb_image src=\u00a0\u00bbhttps:\/\/woundedwarriors.ca\/wp-content\/uploads\/2024\/08\/Scott-Maxwell.png\u00a0\u00bb title_text=\u00a0\u00bbScott Maxwell\u00a0\u00bb align=\u00a0\u00bbcenter\u00a0\u00bb _builder_version=\u00a0\u00bb4.27.0&Prime; _module_preset=\u00a0\u00bbdefault\u00a0\u00bb max_width=\u00a0\u00bb250px\u00a0\u00bb global_colors_info=\u00a0\u00bb{}\u00a0\u00bb][\/et_pb_image][\/et_pb_column][et_pb_column type=\u00a0\u00bb3_4&Prime; _builder_version=\u00a0\u00bb4.27.0&Prime; _module_preset=\u00a0\u00bbdefault\u00a0\u00bb global_colors_info=\u00a0\u00bb{}\u00a0\u00bb][et_pb_text admin_label=\u00a0\u00bbScott Maxwell\u00a0\u00bb _builder_version=\u00a0\u00bb4.27.4&Prime; _module_preset=\u00a0\u00bbdefault\u00a0\u00bb global_colors_info=\u00a0\u00bb{}\u00a0\u00bb]<\/p>\n<h2>Scott Maxwell<\/h2>\n<h4><em>Directeur g\u00e9n\u00e9ral<br \/><\/em>Wounded Warriors Canada<\/h4>\n<div>\n<p>Scott est un fonctionnaire d\u00e9vou\u00e9, un champion de la sant\u00e9 mentale et un dirigeant d&rsquo;organisation \u00e0 but non lucratif.<\/p>\n<p>L&rsquo;exp\u00e9rience unique de Scott se situe \u00e0 l&rsquo;intersection de la politique publique, des gouvernements nationaux et provinciaux, ainsi que de la strat\u00e9gie et du d\u00e9veloppement des entreprises \u00e0 but non lucratif.<\/p>\n<p>Sa passion pour ceux qui servent courageusement le Canada d\u00e9coule de son ami de lyc\u00e9e, le cavalier Darryl Caswell, originaire de Bowmanville, qui a \u00e9t\u00e9 tu\u00e9 par une bombe en bordure de route en Afghanistan le 11 juin 2007.<br \/>\u200b<br \/>En tant que PDG de Wounded Warriors Canada, le plus important fournisseur \u00e0 but non lucratif de formation en sant\u00e9 mentale et de services de counseling pour les v\u00e9t\u00e9rans, les premiers intervenants et leurs familles au pays, Scott a r\u00e9ussi \u00e0 transformer une initiative locale bas\u00e9e sur le b\u00e9n\u00e9volat en une organisation nationale qui offre un soutien \u00e0 plus de 30 000 professionnels expos\u00e9s aux traumatismes et \u00e0 leurs familles chaque ann\u00e9e.<\/p>\n<p>Scott a re\u00e7u la Mention \u00e9logieuse du ministre des Anciens Combattants, la M\u00e9daille du jubil\u00e9 de platine de la Reine et la M\u00e9daille du couronnement du Roi pour services rendus au Canada. <\/p>\n<\/div>\n<p>[\/et_pb_text][\/et_pb_column][\/et_pb_row][et_pb_row column_structure=\u00a0\u00bb1_4,3_4&Prime; module_id=\u00a0\u00bbMaxwell\u00a0\u00bb _builder_version=\u00a0\u00bb4.27.0&Prime; _module_preset=\u00a0\u00bbdefault\u00a0\u00bb background_color=\u00a0\u00bbRGBA(255,255,255,0)\u00a0\u00bb max_width=\u00a0\u00bb80%\u00a0\u00bb global_colors_info=\u00a0\u00bb{}\u00a0\u00bb][et_pb_column type=\u00a0\u00bb1_4&Prime; _builder_version=\u00a0\u00bb4.27.0&Prime; _module_preset=\u00a0\u00bbdefault\u00a0\u00bb global_colors_info=\u00a0\u00bb{}\u00a0\u00bb][et_pb_image src=\u00a0\u00bbhttps:\/\/woundedwarriors.ca\/wp-content\/uploads\/2025\/04\/Paul-Robert-Thomas-Atkinson.jpg\u00a0\u00bb title_text=\u00a0\u00bbPaul Robert Thomas Atkinson\u00a0\u00bb align=\u00a0\u00bbcenter\u00a0\u00bb _builder_version=\u00a0\u00bb4.27.4&Prime; _module_preset=\u00a0\u00bbdefault\u00a0\u00bb max_width=\u00a0\u00bb250px\u00a0\u00bb global_colors_info=\u00a0\u00bb{}\u00a0\u00bb][\/et_pb_image][\/et_pb_column][et_pb_column type=\u00a0\u00bb3_4&Prime; _builder_version=\u00a0\u00bb4.27.0&Prime; _module_preset=\u00a0\u00bbdefault\u00a0\u00bb global_colors_info=\u00a0\u00bb{}\u00a0\u00bb][et_pb_text admin_label=\u00a0\u00bbDr. Paul Robert Thomas Atkinson\u00a0\u00bb _builder_version=\u00a0\u00bb4.27.4&Prime; _module_preset=\u00a0\u00bbdefault\u00a0\u00bb global_colors_info=\u00a0\u00bb{}\u00a0\u00bb]<\/p>\n<h2>Dr Paul Robert Thomas Atkinson, BSc (Hons), MB BCh BAO, MA (Cantab), FRCEM, FRCPC<\/h2>\n<h4><i>M\u00e9decin-chef consultant, Travail s\u00e9curitaire NB<\/i><\/h4>\n<p>Dr Paul Atkinson est professeur de m\u00e9decine d&rsquo;urgence \u00e0 l&rsquo;Universit\u00e9 Dalhousie et r\u00e9cemment nomm\u00e9 chef clinique-acad\u00e9mique en m\u00e9decine d&rsquo;urgence pour la r\u00e9gion de Saint John, au Nouveau-Brunswick, ainsi que doyen adjoint \u00e0 la recherche \u00e0 Dalhousie Medicine New Brunswick. Il est \u00e9galement r\u00e9dacteur en chef adjoint du Journal canadien de la m\u00e9decine d&rsquo;urgence et a \u00e9t\u00e9 m\u00e9decin-chef \u00e0 WorkSafeNB de 2016 \u00e0 2020. Il est l&rsquo;ancien pr\u00e9sident du comit\u00e9 de recherche de l&rsquo;Association canadienne des m\u00e9decins d&rsquo;urgence, ainsi que du sous-comit\u00e9 de recherche du programme de traumatologie du Nouveau-Brunswick.  <\/p>\n<p>Sa formation internationale a d\u00e9but\u00e9 \u00e0 l&rsquo;Universit\u00e9 Queen&rsquo;s de Belfast, suivie de programmes de troisi\u00e8me cycle en m\u00e9decine interne \u00e0 Belfast et en m\u00e9decine d&rsquo;urgence \u00e0 Cambridge, au Royaume-Uni. Il a effectu\u00e9 un stage de perfectionnement \u00e0 l&rsquo;H\u00f4pital Royal North Shore \u00e0 Sydney, en Australie. Il s&rsquo;est install\u00e9 \u00e0 Saint John, au Nouveau-Brunswick, en provenance de Cambridge \u00e0 la fin de 2009.  <\/p>\n<p>Il a plus de 80 publications \u00e9valu\u00e9es par des pairs \u00e0 son actif, en plus d&rsquo;\u00eatre le r\u00e9dacteur en chef principal de deux manuels : \u00ab\u00a0Emergency Medicine an Illustrated Colour Text\u00a0\u00bb, 2010 ; et \u00ab\u00a0Point of Care Ultrasound in Emergency Medicine and Resuscitation\u00a0\u00bb, 2019.<\/p>\n<p>Parmi ses distinctions, citons le tout premier prix d&rsquo;excellence en enseignement de premier cycle de l&rsquo;Universit\u00e9 Dalhousie en 2012, le prix national Grant Innes pour la recherche en m\u00e9decine d&rsquo;urgence en 2014, et le prix Ian Stiell du chercheur de l&rsquo;ann\u00e9e de l&rsquo;Association canadienne des m\u00e9decins d&rsquo;urgence en 2019.<\/p>\n<p>Paul est mari\u00e9 \u00e0 Julie, et ensemble, ils ont trois jeunes adultes, Jordyn, Lucy et Jack. Paul appr\u00e9cie le cyclisme et la randonn\u00e9e dans les grands espaces du Nouveau-Brunswick et se r\u00e9jouit du d\u00e9fi de diriger l&rsquo;\u00e9quipe de m\u00e9decine d&rsquo;urgence dans la zone de Saint John. <\/p>\n<p>[\/et_pb_text][\/et_pb_column][\/et_pb_row][et_pb_row column_structure=\u00a0\u00bb1_4,3_4&Prime; module_id=\u00a0\u00bbMaxwell\u00a0\u00bb _builder_version=\u00a0\u00bb4.27.0&Prime; _module_preset=\u00a0\u00bbdefault\u00a0\u00bb background_color=\u00a0\u00bbRGBA(255,255,255,0)\u00a0\u00bb max_width=\u00a0\u00bb80%\u00a0\u00bb global_colors_info=\u00a0\u00bb{}\u00a0\u00bb][et_pb_column type=\u00a0\u00bb1_4&Prime; _builder_version=\u00a0\u00bb4.27.0&Prime; _module_preset=\u00a0\u00bbdefault\u00a0\u00bb global_colors_info=\u00a0\u00bb{}\u00a0\u00bb][et_pb_image src=\u00a0\u00bbhttps:\/\/woundedwarriors.ca\/wp-content\/uploads\/2025\/02\/Rob-McKee.jpg\u00a0\u00bb title_text=\u00a0\u00bbAssembl\u00e9e l\u00e9gislative du Nouveau-Brunswick | New Brunswick Legislative Assembly\u00a0\u00bb align=\u00a0\u00bbcenter\u00a0\u00bb _builder_version=\u00a0\u00bb4.27.4&Prime; _module_preset=\u00a0\u00bbdefault\u00a0\u00bb max_width=\u00a0\u00bb250px\u00a0\u00bb global_colors_info=\u00a0\u00bb{}\u00a0\u00bb][\/et_pb_image][\/et_pb_column][et_pb_column type=\u00a0\u00bb3_4&Prime; _builder_version=\u00a0\u00bb4.27.0&Prime; _module_preset=\u00a0\u00bbdefault\u00a0\u00bb global_colors_info=\u00a0\u00bb{}\u00a0\u00bb][et_pb_text admin_label=\u00a0\u00bbHon. Robert McKee\u00a0\u00bb _builder_version=\u00a0\u00bb4.27.4&Prime; _module_preset=\u00a0\u00bbdefault\u00a0\u00bb global_colors_info=\u00a0\u00bb{}\u00a0\u00bb]<\/p>\n<h2>L&rsquo;honorable Robert McKee, c.r. <\/h2>\n<h4><em>Ministre de la Justice<\/em><\/h4>\n<p>Rob McKee, r\u00e9sident de longue date de Moncton-Centre, poss\u00e8de une riche histoire de service public. Il a \u00e9t\u00e9 \u00e9lu conseiller municipal en 2016, puis d\u00e9put\u00e9 provincial de Moncton-Centre en 2018, et r\u00e9\u00e9lu en 2020 et 2024. <\/p>\n<p>Il a occup\u00e9 des r\u00f4les cl\u00e9s au sein de l&rsquo;Opposition officielle, notamment en tant que porte-parole pour les portefeuilles de la Justice, des Finances et de la Sant\u00e9, et a exerc\u00e9 les fonctions de chef de l&rsquo;Opposition officielle.<\/p>\n<p>Le 2 novembre 2024, M. McKee est devenu ministre de la Justice et procureur g\u00e9n\u00e9ral, ainsi que ministre responsable des Services de traitement des d\u00e9pendances et de sant\u00e9 mentale.<\/p>\n<p>Fort d&rsquo;une solide formation juridique, M. McKee est un avocat plaidant et d&rsquo;appel exp\u00e9riment\u00e9 ayant repr\u00e9sent\u00e9 des clients \u00e0 tous les niveaux de tribunaux au Nouveau-Brunswick et ayant plaid\u00e9 avec succ\u00e8s devant la Cour supr\u00eame du Canada. Il ma\u00eetrise les deux langues officielles et est titulaire de dipl\u00f4mes de l&rsquo;Universit\u00e9 de Moncton et de l&rsquo;Universit\u00e9 du Nouveau-Brunswick. <\/p>\n<p>Au-del\u00e0 de la politique et du droit, M. McKee est un membre actif de la communaut\u00e9, ayant occup\u00e9 divers r\u00f4les, notamment celui de pr\u00e9sident de St. Augustine&rsquo;s Housing Ltd., de pr\u00e9sident de la Commission de recours en sant\u00e9 mentale et d&rsquo;administrateur de la Soci\u00e9t\u00e9 John Howard. Il a servi le petit-d\u00e9jeuner \u00e0 l&rsquo;\u00e9cole Queen Elizabeth, travaill\u00e9 dans la zone de d\u00e9pose \u00e0 l&rsquo;\u00c9cole Saint-Henri et est \u00e9galement entra\u00eeneur b\u00e9n\u00e9vole de hockey et de ringuette. <\/p>\n<p>Il est la troisi\u00e8me g\u00e9n\u00e9ration de McKee \u00e0 \u00eatre \u00e9lu \u00e0 l&rsquo;Assembl\u00e9e l\u00e9gislative du Nouveau-Brunswick, son p\u00e8re et son grand-p\u00e8re ayant tous deux \u00e9t\u00e9 d\u00e9put\u00e9s. Michael McKee a repr\u00e9sent\u00e9 Moncton-Nord de 1974 \u00e0 1992 et Killeen McKee a repr\u00e9sent\u00e9 Kent de 1940 \u00e0 1950. <\/p>\n<p>M. McKee est un \u00e9poux d\u00e9vou\u00e9 de Tara et un p\u00e8re fier de Michael et Anna.<\/p>\n<p>[\/et_pb_text][\/et_pb_column][\/et_pb_row][et_pb_row column_structure=\u00a0\u00bb1_4,3_4&Prime; _builder_version=\u00a0\u00bb4.27.0&Prime; _module_preset=\u00a0\u00bbdefault\u00a0\u00bb background_color=\u00a0\u00bbRGBA(255,255,255,0)\u00a0\u00bb max_width=\u00a0\u00bb80%\u00a0\u00bb locked=\u00a0\u00bboff\u00a0\u00bb global_colors_info=\u00a0\u00bb{}\u00a0\u00bb][et_pb_column type=\u00a0\u00bb1_4&Prime; _builder_version=\u00a0\u00bb4.27.0&Prime; _module_preset=\u00a0\u00bbdefault\u00a0\u00bb global_colors_info=\u00a0\u00bb{}\u00a0\u00bb][et_pb_image src=\u00a0\u00bbhttps:\/\/woundedwarriors.ca\/wp-content\/uploads\/2025\/02\/Michael-Sears.jpg\u00a0\u00bb alt=\u00a0\u00bbMatt Pegg\u00a0\u00bb title_text=\u00a0\u00bbMichael-Sears\u00a0\u00bb align=\u00a0\u00bbcenter\u00a0\u00bb _builder_version=\u00a0\u00bb4.27.4&Prime; _module_preset=\u00a0\u00bbdefault\u00a0\u00bb max_width=\u00a0\u00bb250px\u00a0\u00bb global_colors_info=\u00a0\u00bb{}\u00a0\u00bb][\/et_pb_image][\/et_pb_column][et_pb_column type=\u00a0\u00bb3_4&Prime; _builder_version=\u00a0\u00bb4.27.0&Prime; _module_preset=\u00a0\u00bbdefault\u00a0\u00bb global_colors_info=\u00a0\u00bb{}\u00a0\u00bb][et_pb_text admin_label=\u00a0\u00bbMike Sears\u00a0\u00bb module_id=\u00a0\u00bbRicciardelli\u00a0\u00bb _builder_version=\u00a0\u00bb4.27.4&Prime; _module_preset=\u00a0\u00bbdefault\u00a0\u00bb global_colors_info=\u00a0\u00bb{}\u00a0\u00bb]<\/p>\n<h2>Mike Sears<\/h2>\n<h4><em>Capitaine<\/em><br \/>Pompiers professionnels de Halifax A.I.P. L268<\/h4>\n<p>Mike Sears est un pompier d\u00e9vou\u00e9 bas\u00e9 \u00e0 Halifax, en Nouvelle-\u00c9cosse, profond\u00e9ment engag\u00e9 \u00e0 servir sa communaut\u00e9 par la r\u00e9silience, le travail d&rsquo;\u00e9quipe et la compassion. N\u00e9 \u00e0 Halifax mais \u00e9lev\u00e9 \u00e0 Dartmouth en Nouvelle-\u00c9cosse, Mike a grandi avec un fort sens du devoir et le d\u00e9sir de faire une diff\u00e9rence. Cette motivation l&rsquo;a conduit \u00e0 poursuivre une carri\u00e8re de pompier, o\u00f9 il s&rsquo;est fait conna\u00eetre pour son \u00e9thique de travail in\u00e9branlable, ses comp\u00e9tences en r\u00e9solution de probl\u00e8mes et sa capacit\u00e9 \u00e0 rester calme sous pression. Mike est actuellement affect\u00e9 \u00e0 une compagnie de sauvetage technique \u00e0 Halifax au rang de capitaine.   <\/p>\n<p>Avec 21 ans d&rsquo;exp\u00e9rience dans les interventions d&rsquo;urgence, Mike a \u00e9t\u00e9 impliqu\u00e9 dans un large \u00e9ventail de sc\u00e9narios complexes. Au-del\u00e0 de ses comp\u00e9tences techniques, Mike accorde une grande importance \u00e0 la sant\u00e9 mentale et au bien-\u00eatre au sein des services d&rsquo;incendie, plaidant pour le soutien par les pairs et la formation \u00e0 la r\u00e9silience, ainsi que pour une couverture sans barri\u00e8re pour les membres afin d&rsquo;aider ses coll\u00e8gues \u00e0 g\u00e9rer le stress de leurs r\u00f4les exigeants. <\/p>\n<p>En dehors de son travail, Mike est un membre actif de sa communaut\u00e9, donnant de son temps pour l&rsquo;organisation caritative Fight4Life en tant que fondateur et pr\u00e9sident actuel. Il est \u00e9galement agent de liaison pour les affaires gouvernementales pour les pompiers professionnels de Halifax I.A.F.F. Local 268. Pendant son temps libre, il aime explorer la beaut\u00e9 pittoresque de la Nouvelle-\u00c9cosse, passer du temps en famille et rester actif par la chasse, la p\u00eache et toute autre activit\u00e9 qui le rapproche de la nature. <\/p>\n<p>[\/et_pb_text][\/et_pb_column][\/et_pb_row][et_pb_row column_structure=\u00a0\u00bb1_4,3_4&Prime; _builder_version=\u00a0\u00bb4.27.0&Prime; _module_preset=\u00a0\u00bbdefault\u00a0\u00bb background_color=\u00a0\u00bbRGBA(255,255,255,0)\u00a0\u00bb max_width=\u00a0\u00bb80%\u00a0\u00bb locked=\u00a0\u00bboff\u00a0\u00bb global_colors_info=\u00a0\u00bb{}\u00a0\u00bb][et_pb_column type=\u00a0\u00bb1_4&Prime; _builder_version=\u00a0\u00bb4.27.0&Prime; _module_preset=\u00a0\u00bbdefault\u00a0\u00bb global_colors_info=\u00a0\u00bb{}\u00a0\u00bb][et_pb_image src=\u00a0\u00bbhttps:\/\/woundedwarriors.ca\/wp-content\/uploads\/2025\/05\/Pat-Bouchard.jpg\u00a0\u00bb alt=\u00a0\u00bbMatt Pegg\u00a0\u00bb title_text=\u00a0\u00bbPat Bouchard\u00a0\u00bb align=\u00a0\u00bbcenter\u00a0\u00bb _builder_version=\u00a0\u00bb4.27.4&Prime; _module_preset=\u00a0\u00bbdefault\u00a0\u00bb max_width=\u00a0\u00bb250px\u00a0\u00bb global_colors_info=\u00a0\u00bb{}\u00a0\u00bb][\/et_pb_image][\/et_pb_column][et_pb_column type=\u00a0\u00bb3_4&Prime; _builder_version=\u00a0\u00bb4.27.0&Prime; _module_preset=\u00a0\u00bbdefault\u00a0\u00bb global_colors_info=\u00a0\u00bb{}\u00a0\u00bb][et_pb_text admin_label=\u00a0\u00bbPat Bouchard\u00a0\u00bb module_id=\u00a0\u00bbRicciardelli\u00a0\u00bb _builder_version=\u00a0\u00bb4.27.4&Prime; _module_preset=\u00a0\u00bbdefault\u00a0\u00bb global_colors_info=\u00a0\u00bb{}\u00a0\u00bb]<\/p>\n<h2>Pat Bouchard<\/h2>\n<h4><em>Administrateur, R\u00e9gion Atlantique\/Centre<\/em><br \/>F\u00e9d\u00e9ration de la police nationale<\/h4>\n<p>Pat s\u2019est joint \u00e0 la GRC en 2002. Avant d\u2019int\u00e9grer la GRC, il a travaill\u00e9 comme croupier, gardien de prison et agent de protection pour la Monnaie royale canadienne. Au cours de ses 18 ann\u00e9es pass\u00e9es dans la GRC, il a \u0153uvr\u00e9 presque int\u00e9gralement (\u00e0 l\u2019exception de quelques d\u00e9tachements) au sein de la direction g\u00e9n\u00e9rale des services de police de premi\u00e8re ligne. Il a servi dans de grands d\u00e9tachements municipaux, mais aussi dans de petites villes rurales et dans des postes isol\u00e9s au-dessus du cercle polaire arctique.   <\/p>\n<p>Engag\u00e9 dans le mouvement syndical avant de se joindre \u00e0 la GRC, Pat a toujours cru qu\u2019il existait des moyens d\u2019am\u00e9liorer les relations avec le personnel au sein de la GRC. Il a eu l\u2019avantage de se joindre \u00e0 la GRC \u00e0 une \u00e9poque o\u00f9 les salaires \u00e9taient concurrentiels. Toujours pr\u00eat \u00e0 exprimer son point de vue, il a maintes fois d\u00e9nonc\u00e9 les probl\u00e8mes le touchant ainsi que ses coll\u00e8gues membres. Au fil des ans, l\u2019ampleur et la port\u00e9e de ces probl\u00e8mes se sont accrues (diminution de la r\u00e9mun\u00e9ration, des ressources offertes, de l\u2019\u00e9quipement disponible et de la formation accessible ainsi que l\u2019application incoh\u00e9rente de la politique et l\u2019absence de celle-ci). En 2014, Pat est frapp\u00e9 par la trag\u00e9die, ayant \u00e9t\u00e9 en premi\u00e8re ligne lors de la fusillade de Moncton. C\u2019est la goutte d\u2019eau qui a fait d\u00e9border le vase pour lui. Il \u00e9tait clair qu\u2019un changement s\u2019imposait, et ce dernier ne se ferait pas au sein m\u00eame de la GRC. Pat \u00e9tait donc ravi lorsqu\u2019on lui a offert la possibilit\u00e9 de se joindre \u00e0 la FPN afin aider la GRC \u00e0 devenir une meilleure version d\u2019elle-m\u00eame.       <\/p>\n<p>[\/et_pb_text][\/et_pb_column][\/et_pb_row][et_pb_row column_structure=\u00a0\u00bb1_4,3_4&Prime; _builder_version=\u00a0\u00bb4.27.0&Prime; _module_preset=\u00a0\u00bbdefault\u00a0\u00bb background_color=\u00a0\u00bbRGBA(255,255,255,0)\u00a0\u00bb max_width=\u00a0\u00bb80%\u00a0\u00bb locked=\u00a0\u00bboff\u00a0\u00bb global_colors_info=\u00a0\u00bb{}\u00a0\u00bb][et_pb_column type=\u00a0\u00bb1_4&Prime; _builder_version=\u00a0\u00bb4.27.0&Prime; _module_preset=\u00a0\u00bbdefault\u00a0\u00bb global_colors_info=\u00a0\u00bb{}\u00a0\u00bb][et_pb_image src=\u00a0\u00bbhttps:\/\/woundedwarriors.ca\/wp-content\/uploads\/2025\/05\/Derek-Cassista.jpg\u00a0\u00bb alt=\u00a0\u00bbMatt Pegg\u00a0\u00bb title_text=\u00a0\u00bbDerek Cassista\u00a0\u00bb align=\u00a0\u00bbcenter\u00a0\u00bb _builder_version=\u00a0\u00bb4.27.4&Prime; _module_preset=\u00a0\u00bbdefault\u00a0\u00bb max_width=\u00a0\u00bb250px\u00a0\u00bb global_colors_info=\u00a0\u00bb{}\u00a0\u00bb][\/et_pb_image][\/et_pb_column][et_pb_column type=\u00a0\u00bb3_4&Prime; _builder_version=\u00a0\u00bb4.27.0&Prime; _module_preset=\u00a0\u00bbdefault\u00a0\u00bb global_colors_info=\u00a0\u00bb{}\u00a0\u00bb][et_pb_text admin_label=\u00a0\u00bbDerek Cassista\u00a0\u00bb module_id=\u00a0\u00bbRicciardelli\u00a0\u00bb _builder_version=\u00a0\u00bb4.27.4&Prime; _module_preset=\u00a0\u00bbdefault\u00a0\u00bb global_colors_info=\u00a0\u00bb{}\u00a0\u00bb]<\/p>\n<h2>Derek Cassista<\/h2>\n<h4><em>Registraire adjoint<\/em><br \/>Association des param\u00e9dics du Nouveau-Brunswick<\/h4>\n<p>Derek occupe le poste de registraire adjoint de l&rsquo;Association des param\u00e9dics du Nouveau-Brunswick. L&rsquo;APNB repr\u00e9sente plus de 1200 praticiens en tant qu&rsquo;organisme de r\u00e9glementation et organisation de d\u00e9fense professionnelle, faisant progresser le r\u00f4le des param\u00e9dics au sein des soins de sant\u00e9 et de la s\u00e9curit\u00e9 publique. <\/p>\n<p>[\/et_pb_text][\/et_pb_column][\/et_pb_row][\/et_pb_section][et_pb_section fb_built=\u00a0\u00bb1&Prime; disabled_on=\u00a0\u00bboff|off|off\u00a0\u00bb admin_label=\u00a0\u00bbWorkshop Sessions\u00a0\u00bb _builder_version=\u00a0\u00bb4.27.4&Prime; background_color=\u00a0\u00bbrgba(4,56,81,0.07)\u00a0\u00bb inner_width_tablet=\u00a0\u00bb50px\u00a0\u00bb inner_max_width_tablet=\u00a0\u00bb50px\u00a0\u00bb custom_padding=\u00a0\u00bb6px||60px||false|false\u00a0\u00bb z_index_tablet=\u00a0\u00bb500&Prime; da_disable_devices=\u00a0\u00bboff|off|off\u00a0\u00bb box_shadow_horizontal_tablet=\u00a0\u00bb0px\u00a0\u00bb box_shadow_vertical_tablet=\u00a0\u00bb0px\u00a0\u00bb box_shadow_blur_tablet=\u00a0\u00bb40px\u00a0\u00bb box_shadow_spread_tablet=\u00a0\u00bb0px\u00a0\u00bb collapsed=\u00a0\u00bboff\u00a0\u00bb global_colors_info=\u00a0\u00bb{}\u00a0\u00bb da_is_popup=\u00a0\u00bboff\u00a0\u00bb da_exit_intent=\u00a0\u00bboff\u00a0\u00bb da_has_close=\u00a0\u00bbon\u00a0\u00bb da_alt_close=\u00a0\u00bboff\u00a0\u00bb da_dark_close=\u00a0\u00bboff\u00a0\u00bb da_not_modal=\u00a0\u00bbon\u00a0\u00bb da_is_singular=\u00a0\u00bboff\u00a0\u00bb da_with_loader=\u00a0\u00bboff\u00a0\u00bb da_has_shadow=\u00a0\u00bbon\u00a0\u00bb][et_pb_row _builder_version=\u00a0\u00bb4.25.1&Prime; background_color=\u00a0\u00bbRGBA(255,255,255,0)\u00a0\u00bb max_width=\u00a0\u00bb80%\u00a0\u00bb z_index_tablet=\u00a0\u00bb500&Prime; global_colors_info=\u00a0\u00bb{}\u00a0\u00bb][et_pb_column type=\u00a0\u00bb4_4&Prime; _builder_version=\u00a0\u00bb4.16&Prime; background_enable_color=\u00a0\u00bboff\u00a0\u00bb custom_padding=\u00a0\u00bb||||false|false\u00a0\u00bb custom_padding_tablet=\u00a0\u00bb4%||4%||true|false\u00a0\u00bb custom_padding_phone=\u00a0\u00bb\u00a0\u00bb custom_padding_last_edited=\u00a0\u00bbon|desktop\u00a0\u00bb global_colors_info=\u00a0\u00bb{}\u00a0\u00bb custom_padding__hover=\u00a0\u00bb|||\u00a0\u00bb][et_pb_text admin_label=\u00a0\u00bbSpeakers\u00a0\u00bb _builder_version=\u00a0\u00bb4.27.0&Prime; text_font=\u00a0\u00bbHind|300|||||||\u00a0\u00bb text_text_color=\u00a0\u00bb#181a1b\u00a0\u00bb text_font_size=\u00a0\u00bb24px\u00a0\u00bb header_font=\u00a0\u00bbOswald||||||||\u00a0\u00bb header_text_color=\u00a0\u00bb#fcfcfc\u00a0\u00bb header_2_font=\u00a0\u00bbHind|700|||||||\u00a0\u00bb header_2_text_align=\u00a0\u00bbleft\u00a0\u00bb header_2_text_color=\u00a0\u00bb#181a1b\u00a0\u00bb header_2_font_size=\u00a0\u00bb60px\u00a0\u00bb header_3_font=\u00a0\u00bb|700||on|||||\u00a0\u00bb header_3_text_color=\u00a0\u00bb#333333&Prime; header_3_font_size=\u00a0\u00bb38px\u00a0\u00bb background_size=\u00a0\u00bbinitial\u00a0\u00bb background_position=\u00a0\u00bbtop_left\u00a0\u00bb background_repeat=\u00a0\u00bbrepeat\u00a0\u00bb custom_margin=\u00a0\u00bb||10px||false|false\u00a0\u00bb custom_padding=\u00a0\u00bb50px||0px||false|false\u00a0\u00bb text_font_size_tablet=\u00a0\u00bb20px\u00a0\u00bb text_font_size_phone=\u00a0\u00bb18px\u00a0\u00bb text_font_size_last_edited=\u00a0\u00bbon|phone\u00a0\u00bb header_2_font_size_tablet=\u00a0\u00bb60px\u00a0\u00bb header_2_font_size_phone=\u00a0\u00bb29px\u00a0\u00bb header_2_font_size_last_edited=\u00a0\u00bbon|phone\u00a0\u00bb z_index_tablet=\u00a0\u00bb500&Prime; use_border_color=\u00a0\u00bboff\u00a0\u00bb border_color=\u00a0\u00bb#ffffff\u00a0\u00bb border_style=\u00a0\u00bbsolid\u00a0\u00bb global_colors_info=\u00a0\u00bb{}\u00a0\u00bb]<\/p>\n<section id=\"content\">\n<div id=\"content-middle\">\n<div class=\"panel panel-default\">\n<div class=\"panel-body\">\n<div class=\"row\">\n<div class=\"col-sm-9\">\n<div class=\"text-content\">\n<h3>S\u00e9ances d&rsquo;ateliers<\/h3>\n<\/div>\n<\/div>\n<\/div>\n<\/div>\n<\/div>\n<\/div>\n<\/section>\n<p>[\/et_pb_text][\/et_pb_column][\/et_pb_row][et_pb_row column_structure=\u00a0\u00bb1_4,3_4&Prime; _builder_version=\u00a0\u00bb4.27.0&Prime; _module_preset=\u00a0\u00bbdefault\u00a0\u00bb background_color=\u00a0\u00bbRGBA(255,255,255,0)\u00a0\u00bb max_width=\u00a0\u00bb80%\u00a0\u00bb global_colors_info=\u00a0\u00bb{}\u00a0\u00bb][et_pb_column type=\u00a0\u00bb1_4&Prime; _builder_version=\u00a0\u00bb4.27.0&Prime; _module_preset=\u00a0\u00bbdefault\u00a0\u00bb global_colors_info=\u00a0\u00bb{}\u00a0\u00bb][et_pb_image src=\u00a0\u00bbhttps:\/\/woundedwarriors.ca\/wp-content\/uploads\/2024\/08\/Dr-Tim-Black.png\u00a0\u00bb title_text=\u00a0\u00bbDr Tim Black\u00a0\u00bb align=\u00a0\u00bbcenter\u00a0\u00bb _builder_version=\u00a0\u00bb4.27.0&Prime; _module_preset=\u00a0\u00bbdefault\u00a0\u00bb max_width=\u00a0\u00bb250px\u00a0\u00bb global_colors_info=\u00a0\u00bb{}\u00a0\u00bb][\/et_pb_image][\/et_pb_column][et_pb_column type=\u00a0\u00bb3_4&Prime; _builder_version=\u00a0\u00bb4.27.0&Prime; _module_preset=\u00a0\u00bbdefault\u00a0\u00bb global_colors_info=\u00a0\u00bb{}\u00a0\u00bb][et_pb_text admin_label=\u00a0\u00bbDr. Tim Black\u00a0\u00bb module_id=\u00a0\u00bbBlack\u00a0\u00bb _builder_version=\u00a0\u00bb4.27.0&Prime; _module_preset=\u00a0\u00bbdefault\u00a0\u00bb global_colors_info=\u00a0\u00bb{}\u00a0\u00bb]<\/p>\n<h2>Dr Tim Black, Ph.D., psychologue agr\u00e9\u00e9<\/h2>\n<h4><em>Directeur clinique national<br \/><\/em>Wounded Warriors Canada<\/h4>\n<p>Le Dr Tim Black, psychologue agr\u00e9\u00e9, est le directeur clinique national de Wounded Warriors Canada. Au cours de sa carri\u00e8re de plus de 20 ans en tant que professeur agr\u00e9g\u00e9 titulaire dans l&rsquo;un des meilleurs programmes d&rsquo;\u00e9tudes sup\u00e9rieures en formation de conseillers au pays, le Dr Black a \u00e9t\u00e9 chercheur, clinicien, concepteur de programmes, cofondateur de programmes et superviseur clinique, se sp\u00e9cialisant dans les approches de counseling de groupe pour travailler avec les professionnels expos\u00e9s aux traumatismes (PET) et les membres des familles expos\u00e9es aux traumatismes (FET). En tant que directeur clinique national, Tim soutient et supervise l&rsquo;\u00e9laboration et la prestation des programmes de counseling de groupe de WWC au Canada, ainsi que les programmes d&rsquo;\u00e9ducation et de formation PET de WWC, aux c\u00f4t\u00e9s d&rsquo;une vaste \u00e9quipe de professionnels de la sant\u00e9 mentale d\u00e9vou\u00e9s \u00e0 r\u00e9pondre aux besoins des communaut\u00e9s PET et FET.   <\/p>\n<p>[\/et_pb_text][\/et_pb_column][\/et_pb_row][et_pb_row column_structure=\u00a0\u00bb1_4,3_4&Prime; _builder_version=\u00a0\u00bb4.27.0&Prime; _module_preset=\u00a0\u00bbdefault\u00a0\u00bb background_color=\u00a0\u00bbRGBA(255,255,255,0)\u00a0\u00bb max_width=\u00a0\u00bb80%\u00a0\u00bb global_colors_info=\u00a0\u00bb{}\u00a0\u00bb][et_pb_column type=\u00a0\u00bb1_4&Prime; _builder_version=\u00a0\u00bb4.27.0&Prime; _module_preset=\u00a0\u00bbdefault\u00a0\u00bb global_colors_info=\u00a0\u00bb{}\u00a0\u00bb][et_pb_image src=\u00a0\u00bbhttps:\/\/woundedwarriors.ca\/wp-content\/uploads\/2025\/01\/Heidi.jpg\u00a0\u00bb title_text=\u00a0\u00bbHeidi\u00a0\u00bb align=\u00a0\u00bbcenter\u00a0\u00bb _builder_version=\u00a0\u00bb4.27.4&Prime; _module_preset=\u00a0\u00bbdefault\u00a0\u00bb max_width=\u00a0\u00bb250px\u00a0\u00bb global_colors_info=\u00a0\u00bb{}\u00a0\u00bb][\/et_pb_image][\/et_pb_column][et_pb_column type=\u00a0\u00bb3_4&Prime; _builder_version=\u00a0\u00bb4.27.0&Prime; _module_preset=\u00a0\u00bbdefault\u00a0\u00bb global_colors_info=\u00a0\u00bb{}\u00a0\u00bb][et_pb_text admin_label=\u00a0\u00bbDr. Heidi Cramm\u00a0\u00bb module_id=\u00a0\u00bbBlack\u00a0\u00bb _builder_version=\u00a0\u00bb4.27.4&Prime; _module_preset=\u00a0\u00bbdefault\u00a0\u00bb global_colors_info=\u00a0\u00bb{}\u00a0\u00bb]<\/p>\n<h2>Dre Heidi Cramm, Ph. D., erg. aut. (Ont.) <\/h2>\n<h4><em>Responsable de la recherche, Groupe de recherche Families Matter et R\u00e9seau Garnet Families<\/em><br \/>Universit\u00e9 Queen&rsquo;s<\/h4>\n<p>Heidi Cramm est professeure \u00e0 l&rsquo;\u00c9cole de th\u00e9rapie de r\u00e9adaptation de l&rsquo;Universit\u00e9 Queen&rsquo;s et ergoth\u00e9rapeute agr\u00e9\u00e9e. Elle dirige Garnet Families, le centre d\u00e9di\u00e9 aux familles des premiers intervenants, de la s\u00e9curit\u00e9 publique et de la d\u00e9fense, ainsi qu&rsquo;\u00e0 ceux qui les \u00e9tudient, les servent et les soutiennent. Elle est responsable de la recherche pour le Groupe de recherche interdisciplinaire Families Matter, travaillant en tandem avec son R\u00e9seau Garnet Families. En tant que directrice de projet pour le Partenariat Garnet Families, financ\u00e9 jusqu&rsquo;en 2031, elle dirige cette collaboration qui d\u00e9veloppe la communaut\u00e9, cr\u00e9e des connaissances et fait progresser la formation en recherche. Elle a publi\u00e9 plus de 130 articles et publications \u00e9valu\u00e9s par des pairs, principalement consacr\u00e9s \u00e0 la sant\u00e9 mentale et au bien-\u00eatre des familles de la d\u00e9fense et de la s\u00e9curit\u00e9 publique. Elle a effectu\u00e9 plus de 300 pr\u00e9sentations r\u00e9gionales, nationales et internationales et a obtenu plus de 11 millions de dollars en financement de recherche comp\u00e9titif en tant que chercheuse principale ou co-chercheuse principale. La Dre Cramm a \u00e9t\u00e9 reconnue par de multiples prix distingu\u00e9s en recherche et en leadership, notamment le Prix du leadership 2018 de l&rsquo;Association canadienne des ergoth\u00e9rapeutes et le Prix Mihran et Mary Basmajian 2021 pour l&rsquo;excellence en recherche en sciences de la sant\u00e9. Elle est \u00e9galement co-chercheuse principale pour PSPNET Families (pspnetfamilies.ca), un centre de bien-\u00eatre en ligne pour les familles de la s\u00e9curit\u00e9 publique. En tant que conjointe de longue date d&rsquo;un membre du personnel de la s\u00e9curit\u00e9 publique, elle comprend ce que signifie pour les familles d&rsquo;\u00eatre \u00ab sur le terrain \u00bb.        <\/p>\n<p>[\/et_pb_text][\/et_pb_column][\/et_pb_row][et_pb_row column_structure=\u00a0\u00bb1_4,3_4&Prime; _builder_version=\u00a0\u00bb4.27.0&Prime; _module_preset=\u00a0\u00bbdefault\u00a0\u00bb background_color=\u00a0\u00bbRGBA(255,255,255,0)\u00a0\u00bb max_width=\u00a0\u00bb80%\u00a0\u00bb global_colors_info=\u00a0\u00bb{}\u00a0\u00bb][et_pb_column type=\u00a0\u00bb1_4&Prime; _builder_version=\u00a0\u00bb4.27.0&Prime; _module_preset=\u00a0\u00bbdefault\u00a0\u00bb global_colors_info=\u00a0\u00bb{}\u00a0\u00bb][et_pb_image src=\u00a0\u00bbhttps:\/\/woundedwarriors.ca\/wp-content\/uploads\/2025\/02\/Sara-Rodrigues.jpg\u00a0\u00bb title_text=\u00a0\u00bbSara Rodrigues\u00a0\u00bb align=\u00a0\u00bbcenter\u00a0\u00bb _builder_version=\u00a0\u00bb4.27.4&Prime; _module_preset=\u00a0\u00bbdefault\u00a0\u00bb max_width=\u00a0\u00bb250px\u00a0\u00bb global_colors_info=\u00a0\u00bb{}\u00a0\u00bb][\/et_pb_image][\/et_pb_column][et_pb_column type=\u00a0\u00bb3_4&Prime; _builder_version=\u00a0\u00bb4.27.0&Prime; _module_preset=\u00a0\u00bbdefault\u00a0\u00bb global_colors_info=\u00a0\u00bb{}\u00a0\u00bb][et_pb_text admin_label=\u00a0\u00bbDr. Sara Rodrigues\u00a0\u00bb module_id=\u00a0\u00bbBlack\u00a0\u00bb _builder_version=\u00a0\u00bb4.27.4&Prime; _module_preset=\u00a0\u00bbdefault\u00a0\u00bb global_colors_info=\u00a0\u00bb{}\u00a0\u00bb]<\/p>\n<h2>Dre Sara Rodrigues, Ph. D.<\/h2>\n<h4><em>Recherche appliqu\u00e9e<\/em><br \/>Institut Atlas pour les v\u00e9t\u00e9rans et leur famille<\/h4>\n<p>Sara Rodrigues, Ph. D., est directrice de la recherche appliqu\u00e9e \u00e0 l&rsquo;Institut Atlas pour les v\u00e9t\u00e9rans et leur famille et professeure adjointe \u00e0 l&rsquo;\u00c9cole de psychologie de l&rsquo;Universit\u00e9 d&rsquo;Ottawa. Son programme de recherche se concentre sur les d\u00e9terminants sociaux de la sant\u00e9 mentale, avec un accent actuel sur le bien-\u00eatre des v\u00e9t\u00e9rans et de leurs familles. Ses travaux ont \u00e9t\u00e9 publi\u00e9s dans l&rsquo;European Journal of Psychotraumatology, Human Studies, l&rsquo;International Journal of Feminist Approaches to Bioethics, et elle est co-\u00e9ditrice de On the Politics of Ugliness (Palgrave MacMillan). Elle est r\u00e9dactrice associ\u00e9e au Journal of Military, Veteran and Family Health (JMVFH) et co-pr\u00e9sidente de la Communaut\u00e9 de pratique de recherche sur les blessures morales \u00e0 l&rsquo;Institut Atlas pour les v\u00e9t\u00e9rans et leur famille. Elle a obtenu son doctorat en pens\u00e9e sociale et politique de l&rsquo;Universit\u00e9 York.    <\/p>\n<p>[\/et_pb_text][\/et_pb_column][\/et_pb_row][et_pb_row column_structure=\u00a0\u00bb1_4,3_4&Prime; _builder_version=\u00a0\u00bb4.27.0&Prime; _module_preset=\u00a0\u00bbdefault\u00a0\u00bb background_color=\u00a0\u00bbRGBA(255,255,255,0)\u00a0\u00bb max_width=\u00a0\u00bb80%\u00a0\u00bb global_colors_info=\u00a0\u00bb{}\u00a0\u00bb][et_pb_column type=\u00a0\u00bb1_4&Prime; _builder_version=\u00a0\u00bb4.27.0&Prime; _module_preset=\u00a0\u00bbdefault\u00a0\u00bb global_colors_info=\u00a0\u00bb{}\u00a0\u00bb][et_pb_image src=\u00a0\u00bbhttps:\/\/woundedwarriors.ca\/wp-content\/uploads\/2025\/02\/Stephanie-Houle.jpg\u00a0\u00bb title_text=\u00a0\u00bbStephanie Houle\u00a0\u00bb align=\u00a0\u00bbcenter\u00a0\u00bb _builder_version=\u00a0\u00bb4.27.4&Prime; _module_preset=\u00a0\u00bbdefault\u00a0\u00bb max_width=\u00a0\u00bb250px\u00a0\u00bb global_colors_info=\u00a0\u00bb{}\u00a0\u00bb][\/et_pb_image][\/et_pb_column][et_pb_column type=\u00a0\u00bb3_4&Prime; _builder_version=\u00a0\u00bb4.27.0&Prime; _module_preset=\u00a0\u00bbdefault\u00a0\u00bb global_colors_info=\u00a0\u00bb{}\u00a0\u00bb][et_pb_text admin_label=\u00a0\u00bbDr. Stephanie Houle\u00a0\u00bb module_id=\u00a0\u00bbBlack\u00a0\u00bb _builder_version=\u00a0\u00bb4.27.4&Prime; _module_preset=\u00a0\u00bbdefault\u00a0\u00bb global_colors_info=\u00a0\u00bb{}\u00a0\u00bb]<\/p>\n<h2>Dre Stephanie Houle, Ph. D., C.Psych.<\/h2>\n<h4><em>Chercheuse associ\u00e9e<\/em><br \/>Centre de recherche et d&rsquo;innovation sur les BSO MacDonald Franklin<\/h4>\n<p>Stephanie Houle, Ph. D., C. Psych., est psychologue clinicienne et chercheuse au Centre de recherche et d&rsquo;innovation sur les BSO MacDonald Franklin. Ses recherches portent sur l&rsquo;impact psychologique des exp\u00e9riences traumatiques et moralement pr\u00e9judiciables, avec un vif int\u00e9r\u00eat pour la compr\u00e9hension de la mani\u00e8re dont la recherche sur les blessures morales peut \u00eatre appliqu\u00e9e pour faire progresser la pratique clinique. Elle est actuellement co-pr\u00e9sidente de la Communaut\u00e9 de pratique de recherche sur les blessures morales \u00e0 l&rsquo;Institut Atlas pour les v\u00e9t\u00e9rans et leur famille, et m\u00e8ne \u00e9galement des recherches en sant\u00e9 mentale avec la Direction de la recherche d&rsquo;Anciens Combattants Canada. Les sp\u00e9cialisations cliniques de la Dre Houle comprennent l&rsquo;\u00e9valuation et le traitement des blessures de stress op\u00e9rationnel, ainsi que le traitement des probl\u00e8mes de sant\u00e9 mentale chez les personnes souffrant de probl\u00e8mes de sant\u00e9 physique concomitants.   <\/p>\n<p>[\/et_pb_text][\/et_pb_column][\/et_pb_row][et_pb_row column_structure=\u00a0\u00bb1_4,3_4&Prime; _builder_version=\u00a0\u00bb4.27.0&Prime; _module_preset=\u00a0\u00bbdefault\u00a0\u00bb background_color=\u00a0\u00bbRGBA(255,255,255,0)\u00a0\u00bb max_width=\u00a0\u00bb80%\u00a0\u00bb global_colors_info=\u00a0\u00bb{}\u00a0\u00bb][et_pb_column type=\u00a0\u00bb1_4&Prime; _builder_version=\u00a0\u00bb4.27.0&Prime; _module_preset=\u00a0\u00bbdefault\u00a0\u00bb global_colors_info=\u00a0\u00bb{}\u00a0\u00bb][et_pb_image src=\u00a0\u00bbhttps:\/\/woundedwarriors.ca\/wp-content\/uploads\/2025\/05\/Jessica-Lynn-Wiebe.jpg\u00a0\u00bb title_text=\u00a0\u00bbJessica Lynn Wiebe\u00a0\u00bb align=\u00a0\u00bbcenter\u00a0\u00bb _builder_version=\u00a0\u00bb4.27.4&Prime; _module_preset=\u00a0\u00bbdefault\u00a0\u00bb max_width=\u00a0\u00bb250px\u00a0\u00bb global_colors_info=\u00a0\u00bb{}\u00a0\u00bb][\/et_pb_image][\/et_pb_column][et_pb_column type=\u00a0\u00bb3_4&Prime; _builder_version=\u00a0\u00bb4.27.0&Prime; _module_preset=\u00a0\u00bbdefault\u00a0\u00bb global_colors_info=\u00a0\u00bb{}\u00a0\u00bb][et_pb_text admin_label=\u00a0\u00bbJessica Lynn Wiebe\u00a0\u00bb module_id=\u00a0\u00bbBlack\u00a0\u00bb _builder_version=\u00a0\u00bb4.27.4&Prime; _module_preset=\u00a0\u00bbdefault\u00a0\u00bb global_colors_info=\u00a0\u00bb{}\u00a0\u00bb]<\/p>\n<h2>Jessica Lynn Wiebe<\/h2>\n<p>Jessica Lynn Wiebe s&rsquo;inspire de son exp\u00e9rience v\u00e9cue dans les Forces arm\u00e9es canadiennes (FAC) pour cr\u00e9er des \u0153uvres d&rsquo;art interdisciplinaires centr\u00e9es sur le militarisme, la vie militaire et la comm\u00e9moration. Ce travail est souvent cru, tant dans son concept que dans ses mat\u00e9riaux et son approche. L&rsquo;\u0153uvre de Wiebe r\u00e9v\u00e8le le d\u00e9sordre et le chaos inh\u00e9rents \u00e0 la guerre dans l&rsquo;espoir d&rsquo;encourager le dialogue sur la guerre et les conflits. En \u00e9coutant les exp\u00e9riences v\u00e9cues par autrui, nous commen\u00e7ons \u00e0 nous conna\u00eetre plus profond\u00e9ment. R\u00e9cemment, Wiebe a particip\u00e9 au Programme d&rsquo;artistes des Forces canadiennes (PAFC) par l&rsquo;interm\u00e9diaire du Mus\u00e9e canadien de la guerre (MCG), o\u00f9 elle a \u00e9t\u00e9 int\u00e9gr\u00e9e aux FAC en tant qu&rsquo;artiste en Ukraine. Cette \u0153uvre a \u00e9t\u00e9 expos\u00e9e au MCG en novembre 2023.     <\/p>\n<p>En plus de sa pratique artistique, elle est instructrice de yoga form\u00e9e en vinyasa, hatha, yin et yoga restaurateur, avec plus de 400 heures d&rsquo;enseignement en studio. \u00c0 travers l&rsquo;art, le yoga, la pleine conscience et le mouvement, elle soutient et appr\u00e9cie particuli\u00e8rement le travail avec la communaut\u00e9 des v\u00e9t\u00e9rans et des premiers intervenants en partageant les outils qu&rsquo;elle a acquis au fil des ann\u00e9es pour g\u00e9rer le stress inh\u00e9rent \u00e0 ces professions. <\/p>\n<p>[\/et_pb_text][\/et_pb_column][\/et_pb_row][et_pb_row column_structure=\u00a0\u00bb1_4,3_4&Prime; _builder_version=\u00a0\u00bb4.27.0&Prime; _module_preset=\u00a0\u00bbdefault\u00a0\u00bb background_color=\u00a0\u00bbRGBA(255,255,255,0)\u00a0\u00bb max_width=\u00a0\u00bb80%\u00a0\u00bb global_colors_info=\u00a0\u00bb{}\u00a0\u00bb][et_pb_column type=\u00a0\u00bb1_4&Prime; _builder_version=\u00a0\u00bb4.27.0&Prime; _module_preset=\u00a0\u00bbdefault\u00a0\u00bb global_colors_info=\u00a0\u00bb{}\u00a0\u00bb][et_pb_image src=\u00a0\u00bbhttps:\/\/woundedwarriors.ca\/wp-content\/uploads\/2025\/05\/Dustine-Rodier.jpg\u00a0\u00bb title_text=\u00a0\u00bbDustine Rodier\u00a0\u00bb align=\u00a0\u00bbcenter\u00a0\u00bb _builder_version=\u00a0\u00bb4.27.4&Prime; _module_preset=\u00a0\u00bbdefault\u00a0\u00bb max_width=\u00a0\u00bb250px\u00a0\u00bb global_colors_info=\u00a0\u00bb{}\u00a0\u00bb][\/et_pb_image][\/et_pb_column][et_pb_column type=\u00a0\u00bb3_4&Prime; _builder_version=\u00a0\u00bb4.27.0&Prime; _module_preset=\u00a0\u00bbdefault\u00a0\u00bb global_colors_info=\u00a0\u00bb{}\u00a0\u00bb][et_pb_text admin_label=\u00a0\u00bbDustine Rodier\u00a0\u00bb module_id=\u00a0\u00bbBlack\u00a0\u00bb _builder_version=\u00a0\u00bb4.27.4&Prime; _module_preset=\u00a0\u00bbdefault\u00a0\u00bb global_colors_info=\u00a0\u00bb{}\u00a0\u00bb]<\/p>\n<h2>Dustine Rodier<\/h2>\n<h4><em>Surintendante<\/em><br \/>GRC<\/h4>\n<p>La surintendante Dustine Rodier a d\u00e9but\u00e9 sa carri\u00e8re au sein de la GRC en 1994 en tant que r\u00e9partitrice de police pour la GRC \u00e0 Surrey, en Colombie-Britannique. En 2000, elle est devenue membre r\u00e9guli\u00e8re et a pass\u00e9 la premi\u00e8re moiti\u00e9 de sa carri\u00e8re dans le Lower Mainland en tant que chef d&rsquo;\u00e9quipe dans le domaine des crimes graves. <\/p>\n<p>En 2013, elle a \u00e9t\u00e9 mut\u00e9e aux Crimes graves et au crime organis\u00e9 f\u00e9d\u00e9ral au Nouveau-Brunswick en tant que chef d&rsquo;\u00e9quipe\/enqu\u00eateure sur le crime organis\u00e9, les produits de la criminalit\u00e9 et les enqu\u00eates sur le blanchiment d&rsquo;argent. En 2016, Dustine a \u00e9t\u00e9 promue au grade de sergente en tant que commandante du d\u00e9tachement de Hampton, au Nouveau-Brunswick, et \u00e9tait charg\u00e9e de superviser les exigences de police contractuelle pour la communaut\u00e9. <\/p>\n<p>En 2018, elle a \u00e9t\u00e9 promue en Nouvelle-\u00c9cosse au poste d&rsquo;inspectrice responsable du soutien op\u00e9rationnel et du centre de communication, et a dirig\u00e9 le projet de construction du centre de r\u00e9partition 911 le plus moderne de la GRC. En 2021, Dustine a \u00e9t\u00e9 nomm\u00e9e offici\u00e8re ex\u00e9cutive aupr\u00e8s du commandant divisionnaire, o\u00f9 elle a travaill\u00e9 sur des initiatives \u00e0 l&rsquo;\u00e9chelle de la division soutenant le mandat de la Force dans toute la province. Elle a dirig\u00e9 l&rsquo;\u00e9laboration de politiques et de proc\u00e9dures concernant la notification du public lors d&rsquo;incidents critiques pour la GRC en Nouvelle-\u00c9cosse. Elle a \u00e9galement aid\u00e9 d&rsquo;autres divisions, puis \u00e0 l&rsquo;\u00e9chelle nationale, dans l&rsquo;\u00e9laboration de nouvelles politiques et proc\u00e9dures de la GRC pour l&rsquo;utilisation des syst\u00e8mes d&rsquo;alerte publique par la police.   <\/p>\n<p>En mai 2022, Dustine a \u00e9t\u00e9 promue au grade de surintendante et a assum\u00e9 le r\u00f4le d&rsquo;offici\u00e8re responsable de l&rsquo;administration et du personnel, charg\u00e9e des ressources humaines, de la s\u00e9curit\u00e9, du bien-\u00eatre des employ\u00e9s et de la planification op\u00e9rationnelle pour la GRC de la Nouvelle-\u00c9cosse. Fervente d\u00e9fenseure et championne de la sant\u00e9 mentale, Dustine continue de travailler avec des experts dans le domaine des soins et du traitement des personnes souffrant de TSPT et de blessures de stress li\u00e9es au travail. Dustine partage ouvertement son histoire personnelle avec les employ\u00e9s de tous les niveaux de la GRC et d&rsquo;autres agences de premiers intervenants afin de sensibiliser et d&rsquo;effectuer des changements.  <\/p>\n<p>En avril 2025, Dustine a \u00e9t\u00e9 affect\u00e9e au Quartier g\u00e9n\u00e9ral national de la GRC o\u00f9 elle occupe maintenant le poste de conseill\u00e8re strat\u00e9gique principale nationale \u00e0 la Direction g\u00e9n\u00e9rale de la sant\u00e9 et de la s\u00e9curit\u00e9 au travail. Dans ce r\u00f4le, elle fournit des conseils d&rsquo;experts et promeut la coordination dans l&rsquo;avancement des soutiens psychologiques, de la sant\u00e9 et de la s\u00e9curit\u00e9 au travail, du bien-\u00eatre physique et d&rsquo;autres initiatives qui am\u00e9liorent la r\u00e9silience globale des membres. <\/p>\n<p>[\/et_pb_text][\/et_pb_column][\/et_pb_row][et_pb_row column_structure=\u00a0\u00bb1_4,3_4&Prime; _builder_version=\u00a0\u00bb4.27.0&Prime; _module_preset=\u00a0\u00bbdefault\u00a0\u00bb background_color=\u00a0\u00bbRGBA(255,255,255,0)\u00a0\u00bb max_width=\u00a0\u00bb80%\u00a0\u00bb global_colors_info=\u00a0\u00bb{}\u00a0\u00bb][et_pb_column type=\u00a0\u00bb1_4&Prime; _builder_version=\u00a0\u00bb4.27.0&Prime; _module_preset=\u00a0\u00bbdefault\u00a0\u00bb global_colors_info=\u00a0\u00bb{}\u00a0\u00bb][et_pb_image src=\u00a0\u00bbhttps:\/\/woundedwarriors.ca\/wp-content\/uploads\/2024\/08\/R-Ricciardelli-HNB1VO5I_400x400.png\u00a0\u00bb title_text=\u00a0\u00bbR Ricciardelli HNB1VO5I_400x400&Prime; align=\u00a0\u00bbcenter\u00a0\u00bb _builder_version=\u00a0\u00bb4.27.0&Prime; _module_preset=\u00a0\u00bbdefault\u00a0\u00bb max_width=\u00a0\u00bb250px\u00a0\u00bb global_colors_info=\u00a0\u00bb{}\u00a0\u00bb][\/et_pb_image][\/et_pb_column][et_pb_column type=\u00a0\u00bb3_4&Prime; _builder_version=\u00a0\u00bb4.27.0&Prime; _module_preset=\u00a0\u00bbdefault\u00a0\u00bb global_colors_info=\u00a0\u00bb{}\u00a0\u00bb][et_pb_text admin_label=\u00a0\u00bbDr. Rosemary Ricciardelli, PhD\u00a0\u00bb module_id=\u00a0\u00bbRicciardelli\u00a0\u00bb _builder_version=\u00a0\u00bb4.27.4&Prime; _module_preset=\u00a0\u00bbdefault\u00a0\u00bb global_colors_info=\u00a0\u00bb{}\u00a0\u00bb]<\/p>\n<h2>Dre Rosemary Ricciardelli, Ph.D.<\/h2>\n<h4><em>Professeur et titulaire de la chaire de recherche : S\u00e9curit\u00e9, s\u00fbret\u00e9 et bien-\u00eatre<\/em><br \/>Universit\u00e9 Memorial de Terre-Neuve<\/h4>\n<p>Dr Rosemary Ricciardelli est professeure (Ph.D.) \u00e0 l&rsquo;\u00c9cole d&rsquo;\u00e9tudes maritimes et titulaire de la Chaire de recherche en s\u00e9curit\u00e9, s\u00fbret\u00e9 et bien-\u00eatre \u00e0 l&rsquo;Institut des p\u00eaches et de la marine de l&rsquo;Universit\u00e9 Memorial. Laur\u00e9ate du prix d&rsquo;excellence en recherche 2023 de l&rsquo;Association internationale des services correctionnels et p\u00e9nitentiaires, du prix Angus Reid de chercheur appliqu\u00e9 de l&rsquo;Association canadienne de sociologie, et du prix du Pr\u00e9sident de l&rsquo;Association internationale de justice communautaire en 2024. Ricciardelli a \u00e9galement \u00e9t\u00e9 \u00e9lue \u00e0 la Soci\u00e9t\u00e9 royale du Canada et est membre de l&rsquo;Acad\u00e9mie canadienne des sciences de la sant\u00e9. Ses recherches portent sur l&rsquo;\u00e9volution de la compr\u00e9hension des besoins du personnel de la s\u00e9curit\u00e9 publique, de leurs dirigeants et de ceux qui exp\u00e9rimentent les syst\u00e8mes de justice, en mettant l&rsquo;accent sur le stress professionnel et post-traumatique, les vuln\u00e9rabilit\u00e9s et les risques. Elle a publi\u00e9 18 livres, plus de 320 articles scientifiques et 75 chapitres, et donn\u00e9 plus de 600 pr\u00e9sentations dans les domaines de la police, des pompiers, des agents correctionnels, des communicateurs de la s\u00e9curit\u00e9 publique, des agents du renseignement de s\u00e9curit\u00e9 et des personnes criminalis\u00e9es, ainsi que sur la sant\u00e9 sociale, mentale et physique. En tant que chercheuse sur le sexe et le genre, ses int\u00e9r\u00eats portent sur le soutien des soci\u00e9t\u00e9s par l&rsquo;autonomisation des intervenants de premi\u00e8re ligne pour des impacts communautaires positifs, toujours fond\u00e9s sur des preuves. Elle dirige une \u00e9tude longitudinale sur les exp\u00e9riences de sant\u00e9 mentale et de bien-\u00eatre des agents correctionnels employ\u00e9s par le Service correctionnel du Canada et a particip\u00e9 \u00e0 la formation des agents correctionnels avec le Service et tous les Services correctionnels du Canada. Elle travaille \u00e9galement en partenariat avec le Service p\u00e9nitentiaire ougandais et le D\u00e9partement des services correctionnels du Michigan, ainsi qu&rsquo;avec certaines organisations de justice pour les jeunes et de sant\u00e9, et contribue \u00e0 MicroResearch International.       <\/p>\n<p>[\/et_pb_text][\/et_pb_column][\/et_pb_row][et_pb_row column_structure=\u00a0\u00bb1_4,3_4&Prime; _builder_version=\u00a0\u00bb4.27.0&Prime; _module_preset=\u00a0\u00bbdefault\u00a0\u00bb background_color=\u00a0\u00bbRGBA(255,255,255,0)\u00a0\u00bb max_width=\u00a0\u00bb80%\u00a0\u00bb global_colors_info=\u00a0\u00bb{}\u00a0\u00bb][et_pb_column type=\u00a0\u00bb1_4&Prime; _builder_version=\u00a0\u00bb4.27.0&Prime; _module_preset=\u00a0\u00bbdefault\u00a0\u00bb global_colors_info=\u00a0\u00bb{}\u00a0\u00bb][et_pb_image src=\u00a0\u00bbhttps:\/\/woundedwarriors.ca\/wp-content\/uploads\/2024\/12\/Matt-Pegg.png\u00a0\u00bb alt=\u00a0\u00bbMatt Pegg\u00a0\u00bb title_text=\u00a0\u00bbMatt Pegg\u00a0\u00bb align=\u00a0\u00bbcenter\u00a0\u00bb _builder_version=\u00a0\u00bb4.27.4&Prime; _module_preset=\u00a0\u00bbdefault\u00a0\u00bb max_width=\u00a0\u00bb250px\u00a0\u00bb global_colors_info=\u00a0\u00bb{}\u00a0\u00bb][\/et_pb_image][\/et_pb_column][et_pb_column type=\u00a0\u00bb3_4&Prime; _builder_version=\u00a0\u00bb4.27.0&Prime; _module_preset=\u00a0\u00bbdefault\u00a0\u00bb global_colors_info=\u00a0\u00bb{}\u00a0\u00bb][et_pb_text admin_label=\u00a0\u00bbMatthew Pegg\u00a0\u00bb module_id=\u00a0\u00bbRicciardelli\u00a0\u00bb _builder_version=\u00a0\u00bb4.27.4&Prime; _module_preset=\u00a0\u00bbdefault\u00a0\u00bb global_colors_info=\u00a0\u00bb{}\u00a0\u00bb]<\/p>\n<h2>Matthew Pegg<\/h2>\n<h4>Directeur des op\u00e9rations<br \/>Warrior Health<\/h4>\n<p>En novembre 2024, Matthew Pegg a rejoint l&rsquo;\u00e9quipe de Warrior Health en tant que directeur des op\u00e9rations, apr\u00e8s une carri\u00e8re de plus de 32 ans en tant que pompier et chef des pompiers. De 2016 \u00e0 2024, il a occup\u00e9 le poste de chef des pompiers de la ville de Toronto, au Canada. Le service d&rsquo;incendie de Toronto est le plus important au Canada et l&rsquo;un des plus grands en Am\u00e9rique du Nord, comptant plus de 3 250 employ\u00e9s de carri\u00e8re qui interviennent sur plus de 184 000 incidents d&rsquo;urgence chaque ann\u00e9e.  <\/p>\n<p>De mars 2020 \u00e0 avril 2022, le chef Pegg a occup\u00e9 le poste de commandant des incidents li\u00e9s \u00e0 la COVID-19 pour la ville de Toronto, dirigeant l&rsquo;\u00e9laboration et le fonctionnement continu de l&rsquo;un des syst\u00e8mes de gestion des incidents les plus complexes de l&rsquo;histoire nord-am\u00e9ricaine. Cela comprenait la direction du d\u00e9ploiement continu le plus long du centre des op\u00e9rations d&rsquo;urgence de Toronto, ainsi que l&rsquo;\u00e9laboration et le fonctionnement du groupe de travail sur la vaccination contre la COVID-19 de Toronto et l&rsquo;\u00e9laboration du guide provincial pour les op\u00e9rations des cliniques de vaccination. <\/p>\n<p>Avant d&rsquo;\u00eatre nomm\u00e9 chef des pompiers \u00e0 Toronto, le chef Pegg a occup\u00e9 le poste de chef adjoint des pompiers \u00e0 Toronto, Brampton, Ajax et Georgina. Il est \u00e9galement m\u00e9canicien agr\u00e9\u00e9 et pilote commercial, ayant travaill\u00e9 dans ces deux secteurs. Le chef Pegg est dipl\u00f4m\u00e9 de l&rsquo;Universit\u00e9 Dalhousie en leadership et en administration, de l&rsquo;Universit\u00e9 Queen&rsquo;s en relations de travail, et de l&rsquo;\u00c9cole de commerce Schulich en gestion publique. Il est r\u00e9cipiendaire de la m\u00e9daille pour actes d&rsquo;h\u00e9ro\u00efsme et services \u00e0 la collectivit\u00e9, de la m\u00e9daille de bravoure des pompiers de l&rsquo;Ontario, de la m\u00e9daille des pompiers pour services distingu\u00e9s du Canada et de la m\u00e9daille des pompiers pour longs \u00e9tats de service de l&rsquo;Ontario.  <\/p>\n<p>Matt est un fervent d\u00e9fenseur de la sant\u00e9 mentale et a travaill\u00e9 sans rel\u00e2che pour briser la stigmatisation \u00e0 laquelle sont confront\u00e9s ceux qui cherchent une aide professionnelle pour retrouver et maintenir leur sant\u00e9 et leur r\u00e9silience. Mettant \u00e0 profit son exp\u00e9rience et sa passion en tant que professionnel de la s\u00e9curit\u00e9 publique, Matt dirige maintenant le consortium Warrior Health dans la fourniture de ressources proactives de r\u00e9silience et de sant\u00e9 mentale, de formation et de soutien pour le personnel de la s\u00e9curit\u00e9 publique dans tout l&rsquo;Ontario. <\/p>\n<p>[\/et_pb_text][\/et_pb_column][\/et_pb_row][et_pb_row column_structure=\u00a0\u00bb1_4,3_4&Prime; _builder_version=\u00a0\u00bb4.27.0&Prime; _module_preset=\u00a0\u00bbdefault\u00a0\u00bb background_color=\u00a0\u00bbRGBA(255,255,255,0)\u00a0\u00bb max_width=\u00a0\u00bb80%\u00a0\u00bb global_colors_info=\u00a0\u00bb{}\u00a0\u00bb][et_pb_column type=\u00a0\u00bb1_4&Prime; _builder_version=\u00a0\u00bb4.27.0&Prime; _module_preset=\u00a0\u00bbdefault\u00a0\u00bb global_colors_info=\u00a0\u00bb{}\u00a0\u00bb][et_pb_image src=\u00a0\u00bbhttps:\/\/woundedwarriors.ca\/wp-content\/uploads\/2025\/04\/Toni-Harrington.jpg\u00a0\u00bb alt=\u00a0\u00bbMatt Pegg\u00a0\u00bb title_text=\u00a0\u00bbToni Harrington\u00a0\u00bb align=\u00a0\u00bbcenter\u00a0\u00bb _builder_version=\u00a0\u00bb4.27.4&Prime; _module_preset=\u00a0\u00bbdefault\u00a0\u00bb max_width=\u00a0\u00bb250px\u00a0\u00bb global_colors_info=\u00a0\u00bb{}\u00a0\u00bb][\/et_pb_image][\/et_pb_column][et_pb_column type=\u00a0\u00bb3_4&Prime; _builder_version=\u00a0\u00bb4.27.0&Prime; _module_preset=\u00a0\u00bbdefault\u00a0\u00bb global_colors_info=\u00a0\u00bb{}\u00a0\u00bb][et_pb_text admin_label=\u00a0\u00bbToni Harrington\u00a0\u00bb module_id=\u00a0\u00bbRicciardelli\u00a0\u00bb _builder_version=\u00a0\u00bb4.27.4&Prime; _module_preset=\u00a0\u00bbdefault\u00a0\u00bb global_colors_info=\u00a0\u00bb{}\u00a0\u00bb]<\/p>\n<h2>Toni Harrington, MSW, MSc., DSc(c)<\/h2>\n<h4><em>Vice-pr\u00e9sidente adjointe de l&rsquo;innovation en sant\u00e9 mentale<\/em><br \/>Homewood Health Inc.<\/h4>\n<p>Toni est vice-pr\u00e9sidente adjointe de l&rsquo;innovation en sant\u00e9 mentale ax\u00e9e sur le travail chez Homewood Health au sein des Services d&rsquo;intervention en milieu de travail et des services cliniques. Toni est responsable de fournir la vision et le leadership n\u00e9cessaires pour ex\u00e9cuter et offrir des programmes de sant\u00e9 mentale et de toxicomanie ax\u00e9s sur le travail, de haute qualit\u00e9, accessibles et int\u00e9gr\u00e9s dans tout le pays. Depuis plus de deux d\u00e9cennies, Toni a consacr\u00e9 son travail \u00e0 changer la trajectoire de la sant\u00e9 des Canadiens qui travaillent en assurant des soins optimaux et responsables gr\u00e2ce \u00e0 des pratiques de sant\u00e9 professionnelle et organisationnelle fond\u00e9es sur des preuves. Toni est titulaire d&rsquo;un baccalaur\u00e9at et d&rsquo;une ma\u00eetrise en travail social de l&rsquo;Universit\u00e9 Memorial de Terre-Neuve. Toni d\u00e9tient \u00e9galement une ma\u00eetrise en sciences de la sant\u00e9 au travail de l&rsquo;Universit\u00e9 McGill et est actuellement candidate au doctorat \u00e0 l&rsquo;Universit\u00e9 Queen&rsquo;s. Toni esp\u00e8re soutenir sa th\u00e8se \u00e0 l&rsquo;automne 2025. Les recherches de Toni ont identifi\u00e9 les composantes cl\u00e9s d&rsquo;un cadre de pratique pour les gestionnaires de cas travaillant avec le personnel de la s\u00e9curit\u00e9 publique.      <\/p>\n<p>[\/et_pb_text][\/et_pb_column][\/et_pb_row][et_pb_row column_structure=\u00a0\u00bb1_4,3_4&Prime; _builder_version=\u00a0\u00bb4.27.0&Prime; _module_preset=\u00a0\u00bbdefault\u00a0\u00bb background_color=\u00a0\u00bbRGBA(255,255,255,0)\u00a0\u00bb max_width=\u00a0\u00bb80%\u00a0\u00bb global_colors_info=\u00a0\u00bb{}\u00a0\u00bb][et_pb_column type=\u00a0\u00bb1_4&Prime; _builder_version=\u00a0\u00bb4.27.0&Prime; _module_preset=\u00a0\u00bbdefault\u00a0\u00bb global_colors_info=\u00a0\u00bb{}\u00a0\u00bb][et_pb_image src=\u00a0\u00bbhttps:\/\/woundedwarriors.ca\/wp-content\/uploads\/2025\/04\/Shannon-Remers.jpg\u00a0\u00bb alt=\u00a0\u00bbMatt Pegg\u00a0\u00bb title_text=\u00a0\u00bbShannon Remers\u00a0\u00bb align=\u00a0\u00bbcenter\u00a0\u00bb _builder_version=\u00a0\u00bb4.27.4&Prime; _module_preset=\u00a0\u00bbdefault\u00a0\u00bb max_width=\u00a0\u00bb250px\u00a0\u00bb global_colors_info=\u00a0\u00bb{}\u00a0\u00bb][\/et_pb_image][\/et_pb_column][et_pb_column type=\u00a0\u00bb3_4&Prime; _builder_version=\u00a0\u00bb4.27.0&Prime; _module_preset=\u00a0\u00bbdefault\u00a0\u00bb global_colors_info=\u00a0\u00bb{}\u00a0\u00bb][et_pb_text admin_label=\u00a0\u00bbShannon Remers\u00a0\u00bb module_id=\u00a0\u00bbRicciardelli\u00a0\u00bb _builder_version=\u00a0\u00bb4.27.4&Prime; _module_preset=\u00a0\u00bbdefault\u00a0\u00bb global_colors_info=\u00a0\u00bb{}\u00a0\u00bb]<\/p>\n<h2>Shannon Remers, MSc<\/h2>\n<h4><em>Directrice principale de la recherche, de la qualit\u00e9 et des r\u00e9sultats<\/em><br \/>Homewood Health Inc.<\/h4>\n<p>Avec plus de 15 ann\u00e9es de service d\u00e9vou\u00e9 et d&rsquo;exp\u00e9rience dans le secteur de la sant\u00e9 mentale et des d\u00e9pendances, Shannon est une professionnelle, chercheuse et pr\u00e9sentatrice efficace et hautement exp\u00e9riment\u00e9e qui occupe le poste de directrice de la recherche, de la qualit\u00e9 et des r\u00e9sultats chez Homewood Health Inc.<\/p>\n<p>Dans son r\u00f4le de directrice, elle dirige des initiatives de recherche innovantes pour optimiser les r\u00e9sultats des traitements et utilise son expertise pour am\u00e9liorer les traitements dans tout le continuum de soins de Homewood. Son objectif principal est d&rsquo;int\u00e9grer les meilleures pratiques dans divers programmes de traitement, de d\u00e9finir et de mettre en \u0153uvre des soins bas\u00e9s sur la mesure et d&#8217;employer la psychom\u00e9trie pour adapter efficacement les plans de traitement. <\/p>\n<p>En plus de son r\u00f4le chez Homewood, elle est chercheuse collaboratrice \u00e0 l&rsquo;Institut de recherche Homewood et professeure auxiliaire au D\u00e9partement de psychiatrie et de neurosciences du comportement de l&rsquo;Universit\u00e9 McMaster. Sa formation acad\u00e9mique comprend une ma\u00eetrise en sciences en neurosciences cognitives de l&rsquo;Universit\u00e9 Wilfrid Laurier, un baccalaur\u00e9at en sciences en biologie et psychologie, compl\u00e9t\u00e9 par un dipl\u00f4me en sciences judiciaires de l&rsquo;Universit\u00e9 Saint Mary&rsquo;s. <\/p>\n<p>Le travail de Shannon est motiv\u00e9 par une passion pour l&rsquo;avancement du traitement de la sant\u00e9 mentale gr\u00e2ce \u00e0 des recherches rigoureuses et des pratiques fond\u00e9es sur des preuves.<\/p>\n<p>[\/et_pb_text][\/et_pb_column][\/et_pb_row][\/et_pb_section]<\/p>\n","protected":false},"excerpt":{"rendered":"<p>\u00c0 annoncer.Nous vous remercions de votre participationCONF\u00c9RENCIERS 2025 CONF\u00c9RENCIERS PRINCIPAUXL\u2019honorable Peter MacKay Vice-pr\u00e9sident du conseil d\u2019administrationWounded Warriors Canada L\u2019honorable Peter MacKay a si\u00e9g\u00e9 au Parlement du Canada pendant plus de 18 ans en tant que d\u00e9put\u00e9, notamment ministre du Cabinet du gouvernement Harper pendant 10 ans, ainsi qu\u2019en qualit\u00e9 de ministre de la Justice et [&hellip;]<\/p>\n","protected":false},"author":1,"featured_media":0,"parent":52476,"menu_order":6,"comment_status":"closed","ping_status":"closed","template":"page-template-blank.php","meta":{"_et_pb_use_builder":"on","_et_pb_old_content":"","_et_gb_content_width":"","footnotes":"","_links_to":"","_links_to_target":""},"class_list":["post-52479","page","type-page","status-publish","hentry"],"_links":{"self":[{"href":"https:\/\/woundedwarriors.ca\/fr\/wp-json\/wp\/v2\/pages\/52479","targetHints":{"allow":["GET"]}}],"collection":[{"href":"https:\/\/woundedwarriors.ca\/fr\/wp-json\/wp\/v2\/pages"}],"about":[{"href":"https:\/\/woundedwarriors.ca\/fr\/wp-json\/wp\/v2\/types\/page"}],"author":[{"embeddable":true,"href":"https:\/\/woundedwarriors.ca\/fr\/wp-json\/wp\/v2\/users\/1"}],"replies":[{"embeddable":true,"href":"https:\/\/woundedwarriors.ca\/fr\/wp-json\/wp\/v2\/comments?post=52479"}],"version-history":[{"count":57,"href":"https:\/\/woundedwarriors.ca\/fr\/wp-json\/wp\/v2\/pages\/52479\/revisions"}],"predecessor-version":[{"id":55695,"href":"https:\/\/woundedwarriors.ca\/fr\/wp-json\/wp\/v2\/pages\/52479\/revisions\/55695"}],"up":[{"embeddable":true,"href":"https:\/\/woundedwarriors.ca\/fr\/wp-json\/wp\/v2\/pages\/52476"}],"wp:attachment":[{"href":"https:\/\/woundedwarriors.ca\/fr\/wp-json\/wp\/v2\/media?parent=52479"}],"curies":[{"name":"wp","href":"https:\/\/api.w.org\/{rel}","templated":true}]}}